{"id":181,"date":"2019-02-14T12:53:33","date_gmt":"2019-02-14T12:53:33","guid":{"rendered":"https:\/\/okolisnifestival.zelena-akcija.hr\/?page_id=181"},"modified":"2019-07-31T11:26:50","modified_gmt":"2019-07-31T09:26:50","slug":"o-zelenoj-akciji","status":"publish","type":"page","link":"https:\/\/okolisnifestival.zelena-akcija.hr\/en\/o-zelenoj-akciji\/","title":{"rendered":"About Zelena akcija"},"content":{"rendered":"<div data-elementor-type=\"wp-post\" data-elementor-id=\"181\" class=\"elementor elementor-181\">\n\t\t\t\t\t\t<section class=\"elementor-section elementor-top-section elementor-element elementor-element-8a0b62a elementor-section-boxed elementor-section-height-default elementor-section-height-default\" data-id=\"8a0b62a\" data-element_type=\"section\" data-e-type=\"section\">\n\t\t\t\t\t\t<div class=\"elementor-container elementor-column-gap-default\">\n\t\t\t\t\t<div class=\"elementor-column elementor-col-100 elementor-top-column elementor-element elementor-element-f621270\" data-id=\"f621270\" data-element_type=\"column\" data-e-type=\"column\">\n\t\t\t<div class=\"elementor-widget-wrap elementor-element-populated\">\n\t\t\t\t\t\t<div class=\"elementor-element elementor-element-3b5bce8 elementor-widget elementor-widget-heading\" data-id=\"3b5bce8\" data-element_type=\"widget\" data-e-type=\"widget\" data-widget_type=\"heading.default\">\n\t\t\t\t<div class=\"elementor-widget-container\">\n\t\t\t\t\t<h2 class=\"elementor-heading-title elementor-size-default\">About Zelena akcija<\/h2>\t\t\t\t<\/div>\n\t\t\t\t<\/div>\n\t\t\t\t<div class=\"elementor-element elementor-element-6e6bc5a elementor-widget elementor-widget-text-editor\" data-id=\"6e6bc5a\" data-element_type=\"widget\" data-e-type=\"widget\" data-widget_type=\"text-editor.default\">\n\t\t\t\t<div class=\"elementor-widget-container\">\n\t\t\t\t\t\t\t\t\t<p><a href=\"https:\/\/zelena-akcija.hr\/\" target=\"_blank\" rel=\"noopener\">Zelena akcija (ZA)<\/a> is a non-governmental, non-profit, non-political and voluntary association of citizens for environmental protection. It was established in 1990 and is based in Zagreb, Croatia.<\/p><p>Through our work we want to contribute to the improvement of environmental protection system at the local, national and global level by encouraging changes through campaigns, non-violent direct action, projects and public participation in decision-making. The aim of our work is to protect the environment and nature and encourage the development towards a low-carbon society based on the principles of social justice and systemic change. We especially promote activities aimed at encouraging public participation in decision-making regarding environmental issues and on improving the quality of life in Croatia.<\/p><p>Zelena akcija is a member of the largest network of environmental NGOs in the world - <a href=\"https:\/\/www.foei.org\/\" target=\"_blank\" rel=\"noopener\">Friends of the Earth<\/a>.<\/p>\t\t\t\t\t\t\t\t<\/div>\n\t\t\t\t<\/div>\n\t\t\t\t<div class=\"elementor-element elementor-element-0253963 elementor-widget elementor-widget-image-gallery\" data-id=\"0253963\" data-element_type=\"widget\" data-e-type=\"widget\" data-widget_type=\"image-gallery.default\">\n\t\t\t\t<div class=\"elementor-widget-container\">\n\t\t\t\t\t\t\t<div class=\"elementor-image-gallery\">\n\t\t\t\n\t\t<style type=\"text\/css\">\n\t\t\t#gallery-1 {\n\t\t\t\tmargin: auto;\n\t\t\t}\n\t\t\t#gallery-1 .gallery-item {\n\t\t\t\tfloat: left;\n\t\t\t\tmargin-top: 10px;\n\t\t\t\ttext-align: center;\n\t\t\t\twidth: 33%;\n\t\t\t}\n\t\t\t#gallery-1 img {\n\t\t\t\tborder: 2px solid #cfcfcf;\n\t\t\t}\n\t\t\t#gallery-1 .gallery-caption {\n\t\t\t\tmargin-left: 0;\n\t\t\t}\n\t\t\t\/* see gallery_shortcode() in wp-includes\/media.php *\/\n\t\t<\/style>\n\t\t<div data-carousel-extra='{\"blog_id\":1,\"permalink\":\"https:\\\/\\\/okolisnifestival.zelena-akcija.hr\\\/en\\\/o-zelenoj-akciji\\\/\"}' id='gallery-1' class='gallery galleryid-181 gallery-columns-3 gallery-size-hestia-blog'><dl class='gallery-item'>\n\t\t\t<dt class='gallery-icon landscape'>\n\t\t\t\t<a data-elementor-open-lightbox=\"yes\" data-elementor-lightbox-slideshow=\"0253963\" data-elementor-lightbox-title=\"Zelena (6)\" data-e-action-hash=\"#elementor-action%3Aaction%3Dlightbox%26settings%3DeyJpZCI6MjY4LCJ1cmwiOiJodHRwczpcL1wvb2tvbGlzbmlmZXN0aXZhbC56ZWxlbmEtYWtjaWphLmhyXC93cC1jb250ZW50XC91cGxvYWRzXC8yMDE5XC8wM1wvWmVsZW5hLTYuanBnIiwic2xpZGVzaG93IjoiMDI1Mzk2MyJ9\" href='https:\/\/okolisnifestival.zelena-akcija.hr\/wp-content\/uploads\/2019\/03\/Zelena-6.jpg'><img fetchpriority=\"high\" decoding=\"async\" width=\"360\" height=\"240\" src=\"https:\/\/okolisnifestival.zelena-akcija.hr\/wp-content\/uploads\/2019\/03\/Zelena-6-360x240.jpg\" class=\"attachment-hestia-blog size-hestia-blog\" alt=\"\" data-attachment-id=\"268\" data-permalink=\"https:\/\/okolisnifestival.zelena-akcija.hr\/en\/zelena-6\/\" data-orig-file=\"https:\/\/okolisnifestival.zelena-akcija.hr\/wp-content\/uploads\/2019\/03\/Zelena-6.jpg\" data-orig-size=\"2732,2084\" data-comments-opened=\"1\" data-image-meta=\"{&quot;aperture&quot;:&quot;2.8&quot;,&quot;credit&quot;:&quot;&quot;,&quot;camera&quot;:&quot;DSC-F828&quot;,&quot;caption&quot;:&quot;&quot;,&quot;created_timestamp&quot;:&quot;1201350332&quot;,&quot;copyright&quot;:&quot;(c) tomislav turkovic, 2008.&quot;,&quot;focal_length&quot;:&quot;7.1&quot;,&quot;iso&quot;:&quot;400&quot;,&quot;shutter_speed&quot;:&quot;0.004&quot;,&quot;title&quot;:&quot;&quot;,&quot;orientation&quot;:&quot;1&quot;}\" data-image-title=\"Zelena (6)\" data-image-description=\"\" data-image-caption=\"\" data-medium-file=\"https:\/\/okolisnifestival.zelena-akcija.hr\/wp-content\/uploads\/2019\/03\/Zelena-6-300x229.jpg\" data-large-file=\"https:\/\/okolisnifestival.zelena-akcija.hr\/wp-content\/uploads\/2019\/03\/Zelena-6-1024x781.jpg\" \/><\/a>\n\t\t\t<\/dt><\/dl><dl class='gallery-item'>\n\t\t\t<dt class='gallery-icon landscape'>\n\t\t\t\t<a data-elementor-open-lightbox=\"yes\" data-elementor-lightbox-slideshow=\"0253963\" data-elementor-lightbox-title=\"Zelena (4)\" data-e-action-hash=\"#elementor-action%3Aaction%3Dlightbox%26settings%3DeyJpZCI6NjM1LCJ1cmwiOiJodHRwczpcL1wvb2tvbGlzbmlmZXN0aXZhbC56ZWxlbmEtYWtjaWphLmhyXC93cC1jb250ZW50XC91cGxvYWRzXC8yMDE5XC8wN1wvWmVsZW5hLTQuanBnIiwic2xpZGVzaG93IjoiMDI1Mzk2MyJ9\" href='https:\/\/okolisnifestival.zelena-akcija.hr\/wp-content\/uploads\/2019\/07\/Zelena-4.jpg'><img decoding=\"async\" width=\"360\" height=\"240\" src=\"https:\/\/okolisnifestival.zelena-akcija.hr\/wp-content\/uploads\/2019\/07\/Zelena-4-360x240.jpg\" class=\"attachment-hestia-blog size-hestia-blog\" alt=\"\" data-attachment-id=\"635\" data-permalink=\"https:\/\/okolisnifestival.zelena-akcija.hr\/en\/zelena-4\/\" data-orig-file=\"https:\/\/okolisnifestival.zelena-akcija.hr\/wp-content\/uploads\/2019\/07\/Zelena-4.jpg\" data-orig-size=\"3159,2560\" data-comments-opened=\"0\" data-image-meta=\"{&quot;aperture&quot;:&quot;1.4&quot;,&quot;credit&quot;:&quot;&quot;,&quot;camera&quot;:&quot;Canon EOS 5D Mark III&quot;,&quot;caption&quot;:&quot;&quot;,&quot;created_timestamp&quot;:&quot;1394101197&quot;,&quot;copyright&quot;:&quot;&quot;,&quot;focal_length&quot;:&quot;50&quot;,&quot;iso&quot;:&quot;200&quot;,&quot;shutter_speed&quot;:&quot;0.00125&quot;,&quot;title&quot;:&quot;&quot;,&quot;orientation&quot;:&quot;1&quot;}\" data-image-title=\"Zelena (4)\" data-image-description=\"\" data-image-caption=\"\" data-medium-file=\"https:\/\/okolisnifestival.zelena-akcija.hr\/wp-content\/uploads\/2019\/07\/Zelena-4-300x243.jpg\" data-large-file=\"https:\/\/okolisnifestival.zelena-akcija.hr\/wp-content\/uploads\/2019\/07\/Zelena-4-1024x830.jpg\" \/><\/a>\n\t\t\t<\/dt><\/dl><dl class='gallery-item'>\n\t\t\t<dt class='gallery-icon landscape'>\n\t\t\t\t<a data-elementor-open-lightbox=\"yes\" data-elementor-lightbox-slideshow=\"0253963\" data-elementor-lightbox-title=\"Zelena (7)\" data-e-action-hash=\"#elementor-action%3Aaction%3Dlightbox%26settings%3DeyJpZCI6NjI5LCJ1cmwiOiJodHRwczpcL1wvb2tvbGlzbmlmZXN0aXZhbC56ZWxlbmEtYWtjaWphLmhyXC93cC1jb250ZW50XC91cGxvYWRzXC8yMDE5XC8wN1wvWmVsZW5hLTcuanBnIiwic2xpZGVzaG93IjoiMDI1Mzk2MyJ9\" href='https:\/\/okolisnifestival.zelena-akcija.hr\/wp-content\/uploads\/2019\/07\/Zelena-7.jpg'><img decoding=\"async\" width=\"360\" height=\"240\" src=\"https:\/\/okolisnifestival.zelena-akcija.hr\/wp-content\/uploads\/2019\/07\/Zelena-7-360x240.jpg\" class=\"attachment-hestia-blog size-hestia-blog\" alt=\"\" srcset=\"https:\/\/okolisnifestival.zelena-akcija.hr\/wp-content\/uploads\/2019\/07\/Zelena-7-360x240.jpg 360w, https:\/\/okolisnifestival.zelena-akcija.hr\/wp-content\/uploads\/2019\/07\/Zelena-7-300x200.jpg 300w, https:\/\/okolisnifestival.zelena-akcija.hr\/wp-content\/uploads\/2019\/07\/Zelena-7-768x512.jpg 768w, https:\/\/okolisnifestival.zelena-akcija.hr\/wp-content\/uploads\/2019\/07\/Zelena-7-1024x683.jpg 1024w\" sizes=\"(max-width: 360px) 100vw, 360px\" data-attachment-id=\"629\" data-permalink=\"https:\/\/okolisnifestival.zelena-akcija.hr\/en\/zelena-7\/\" data-orig-file=\"https:\/\/okolisnifestival.zelena-akcija.hr\/wp-content\/uploads\/2019\/07\/Zelena-7.jpg\" data-orig-size=\"5760,3840\" data-comments-opened=\"0\" data-image-meta=\"{&quot;aperture&quot;:&quot;4&quot;,&quot;credit&quot;:&quot;&quot;,&quot;camera&quot;:&quot;Canon EOS 5D Mark III&quot;,&quot;caption&quot;:&quot;&quot;,&quot;created_timestamp&quot;:&quot;1397568301&quot;,&quot;copyright&quot;:&quot;&quot;,&quot;focal_length&quot;:&quot;17&quot;,&quot;iso&quot;:&quot;100&quot;,&quot;shutter_speed&quot;:&quot;0.00125&quot;,&quot;title&quot;:&quot;&quot;,&quot;orientation&quot;:&quot;1&quot;}\" data-image-title=\"Zelena (7)\" data-image-description=\"\" data-image-caption=\"\" data-medium-file=\"https:\/\/okolisnifestival.zelena-akcija.hr\/wp-content\/uploads\/2019\/07\/Zelena-7-300x200.jpg\" data-large-file=\"https:\/\/okolisnifestival.zelena-akcija.hr\/wp-content\/uploads\/2019\/07\/Zelena-7-1024x683.jpg\" \/><\/a>\n\t\t\t<\/dt><\/dl><br style=\"clear: both\" \/><dl class='gallery-item'>\n\t\t\t<dt class='gallery-icon landscape'>\n\t\t\t\t<a data-elementor-open-lightbox=\"yes\" data-elementor-lightbox-slideshow=\"0253963\" data-elementor-lightbox-title=\"Zelena (8)\" data-e-action-hash=\"#elementor-action%3Aaction%3Dlightbox%26settings%3DeyJpZCI6NjMwLCJ1cmwiOiJodHRwczpcL1wvb2tvbGlzbmlmZXN0aXZhbC56ZWxlbmEtYWtjaWphLmhyXC93cC1jb250ZW50XC91cGxvYWRzXC8yMDE5XC8wN1wvWmVsZW5hLTguanBnIiwic2xpZGVzaG93IjoiMDI1Mzk2MyJ9\" href='https:\/\/okolisnifestival.zelena-akcija.hr\/wp-content\/uploads\/2019\/07\/Zelena-8.jpg'><img loading=\"lazy\" decoding=\"async\" width=\"360\" height=\"240\" src=\"https:\/\/okolisnifestival.zelena-akcija.hr\/wp-content\/uploads\/2019\/07\/Zelena-8-360x240.jpg\" class=\"attachment-hestia-blog size-hestia-blog\" alt=\"\" data-attachment-id=\"630\" data-permalink=\"https:\/\/okolisnifestival.zelena-akcija.hr\/en\/zelena-8\/\" data-orig-file=\"https:\/\/okolisnifestival.zelena-akcija.hr\/wp-content\/uploads\/2019\/07\/Zelena-8.jpg\" data-orig-size=\"3264,2448\" data-comments-opened=\"0\" data-image-meta=\"{&quot;aperture&quot;:&quot;2.8&quot;,&quot;credit&quot;:&quot;&quot;,&quot;camera&quot;:&quot;DSC-F828&quot;,&quot;caption&quot;:&quot;&quot;,&quot;created_timestamp&quot;:&quot;1265825435&quot;,&quot;copyright&quot;:&quot;(c) tomislav.turkovic@gmail.com&quot;,&quot;focal_length&quot;:&quot;46.6&quot;,&quot;iso&quot;:&quot;400&quot;,&quot;shutter_speed&quot;:&quot;0.01&quot;,&quot;title&quot;:&quot;&quot;,&quot;orientation&quot;:&quot;1&quot;}\" data-image-title=\"Zelena (8)\" data-image-description=\"\" data-image-caption=\"\" data-medium-file=\"https:\/\/okolisnifestival.zelena-akcija.hr\/wp-content\/uploads\/2019\/07\/Zelena-8-300x225.jpg\" data-large-file=\"https:\/\/okolisnifestival.zelena-akcija.hr\/wp-content\/uploads\/2019\/07\/Zelena-8-1024x768.jpg\" \/><\/a>\n\t\t\t<\/dt><\/dl><dl class='gallery-item'>\n\t\t\t<dt class='gallery-icon landscape'>\n\t\t\t\t<a data-elementor-open-lightbox=\"yes\" data-elementor-lightbox-slideshow=\"0253963\" data-elementor-lightbox-title=\"Zelena (3)\" data-e-action-hash=\"#elementor-action%3Aaction%3Dlightbox%26settings%3DeyJpZCI6MjY3LCJ1cmwiOiJodHRwczpcL1wvb2tvbGlzbmlmZXN0aXZhbC56ZWxlbmEtYWtjaWphLmhyXC93cC1jb250ZW50XC91cGxvYWRzXC8yMDE5XC8wM1wvWmVsZW5hLTMuanBnIiwic2xpZGVzaG93IjoiMDI1Mzk2MyJ9\" href='https:\/\/okolisnifestival.zelena-akcija.hr\/wp-content\/uploads\/2019\/03\/Zelena-3.jpg'><img loading=\"lazy\" decoding=\"async\" width=\"360\" height=\"240\" src=\"https:\/\/okolisnifestival.zelena-akcija.hr\/wp-content\/uploads\/2019\/03\/Zelena-3-360x240.jpg\" class=\"attachment-hestia-blog size-hestia-blog\" alt=\"\" data-attachment-id=\"267\" data-permalink=\"https:\/\/okolisnifestival.zelena-akcija.hr\/en\/zelena-3\/\" data-orig-file=\"https:\/\/okolisnifestival.zelena-akcija.hr\/wp-content\/uploads\/2019\/03\/Zelena-3.jpg\" data-orig-size=\"1600,1200\" data-comments-opened=\"1\" data-image-meta=\"{&quot;aperture&quot;:&quot;8&quot;,&quot;credit&quot;:&quot;&quot;,&quot;camera&quot;:&quot;Canon PowerShot A60&quot;,&quot;caption&quot;:&quot;&quot;,&quot;created_timestamp&quot;:&quot;1091178208&quot;,&quot;copyright&quot;:&quot;&quot;,&quot;focal_length&quot;:&quot;5.40625&quot;,&quot;iso&quot;:&quot;0&quot;,&quot;shutter_speed&quot;:&quot;0.001&quot;,&quot;title&quot;:&quot;&quot;,&quot;orientation&quot;:&quot;1&quot;}\" data-image-title=\"Zelena (3)\" data-image-description=\"\" data-image-caption=\"\" data-medium-file=\"https:\/\/okolisnifestival.zelena-akcija.hr\/wp-content\/uploads\/2019\/03\/Zelena-3-300x225.jpg\" data-large-file=\"https:\/\/okolisnifestival.zelena-akcija.hr\/wp-content\/uploads\/2019\/03\/Zelena-3-1024x768.jpg\" \/><\/a>\n\t\t\t<\/dt><\/dl><dl class='gallery-item'>\n\t\t\t<dt class='gallery-icon landscape'>\n\t\t\t\t<a data-elementor-open-lightbox=\"yes\" data-elementor-lightbox-slideshow=\"0253963\" data-elementor-lightbox-title=\"Zelena (9)\" data-e-action-hash=\"#elementor-action%3Aaction%3Dlightbox%26settings%3DeyJpZCI6MjY5LCJ1cmwiOiJodHRwczpcL1wvb2tvbGlzbmlmZXN0aXZhbC56ZWxlbmEtYWtjaWphLmhyXC93cC1jb250ZW50XC91cGxvYWRzXC8yMDE5XC8wM1wvWmVsZW5hLTkuanBnIiwic2xpZGVzaG93IjoiMDI1Mzk2MyJ9\" href='https:\/\/okolisnifestival.zelena-akcija.hr\/wp-content\/uploads\/2019\/03\/Zelena-9.jpg'><img loading=\"lazy\" decoding=\"async\" width=\"360\" height=\"240\" src=\"https:\/\/okolisnifestival.zelena-akcija.hr\/wp-content\/uploads\/2019\/03\/Zelena-9-360x240.jpg\" class=\"attachment-hestia-blog size-hestia-blog\" alt=\"\" srcset=\"https:\/\/okolisnifestival.zelena-akcija.hr\/wp-content\/uploads\/2019\/03\/Zelena-9-360x240.jpg 360w, https:\/\/okolisnifestival.zelena-akcija.hr\/wp-content\/uploads\/2019\/03\/Zelena-9-300x200.jpg 300w, https:\/\/okolisnifestival.zelena-akcija.hr\/wp-content\/uploads\/2019\/03\/Zelena-9-768x511.jpg 768w, https:\/\/okolisnifestival.zelena-akcija.hr\/wp-content\/uploads\/2019\/03\/Zelena-9-1024x681.jpg 1024w, https:\/\/okolisnifestival.zelena-akcija.hr\/wp-content\/uploads\/2019\/03\/Zelena-9.jpg 1600w\" sizes=\"(max-width: 360px) 100vw, 360px\" data-attachment-id=\"269\" data-permalink=\"https:\/\/okolisnifestival.zelena-akcija.hr\/en\/zelena-9\/\" data-orig-file=\"https:\/\/okolisnifestival.zelena-akcija.hr\/wp-content\/uploads\/2019\/03\/Zelena-9.jpg\" data-orig-size=\"1600,1064\" data-comments-opened=\"1\" data-image-meta=\"{&quot;aperture&quot;:&quot;0&quot;,&quot;credit&quot;:&quot;&quot;,&quot;camera&quot;:&quot;&quot;,&quot;caption&quot;:&quot;&quot;,&quot;created_timestamp&quot;:&quot;0&quot;,&quot;copyright&quot;:&quot;&quot;,&quot;focal_length&quot;:&quot;0&quot;,&quot;iso&quot;:&quot;0&quot;,&quot;shutter_speed&quot;:&quot;0&quot;,&quot;title&quot;:&quot;&quot;,&quot;orientation&quot;:&quot;0&quot;}\" data-image-title=\"Zelena (9)\" data-image-description=\"\" data-image-caption=\"\" data-medium-file=\"https:\/\/okolisnifestival.zelena-akcija.hr\/wp-content\/uploads\/2019\/03\/Zelena-9-300x200.jpg\" data-large-file=\"https:\/\/okolisnifestival.zelena-akcija.hr\/wp-content\/uploads\/2019\/03\/Zelena-9-1024x681.jpg\" \/><\/a>\n\t\t\t<\/dt><\/dl><br style=\"clear: both\" \/><dl class='gallery-item'>\n\t\t\t<dt class='gallery-icon landscape'>\n\t\t\t\t<a data-elementor-open-lightbox=\"yes\" data-elementor-lightbox-slideshow=\"0253963\" data-elementor-lightbox-title=\"16877970558_5fd60142ba_o\" data-e-action-hash=\"#elementor-action%3Aaction%3Dlightbox%26settings%3DeyJpZCI6NjM3LCJ1cmwiOiJodHRwczpcL1wvb2tvbGlzbmlmZXN0aXZhbC56ZWxlbmEtYWtjaWphLmhyXC93cC1jb250ZW50XC91cGxvYWRzXC8yMDE5XC8wN1wvMTY4Nzc5NzA1NThfNWZkNjAxNDJiYV9vLmpwZyIsInNsaWRlc2hvdyI6IjAyNTM5NjMifQ%3D%3D\" href='https:\/\/okolisnifestival.zelena-akcija.hr\/wp-content\/uploads\/2019\/07\/16877970558_5fd60142ba_o.jpg'><img loading=\"lazy\" decoding=\"async\" width=\"360\" height=\"240\" src=\"https:\/\/okolisnifestival.zelena-akcija.hr\/wp-content\/uploads\/2019\/07\/16877970558_5fd60142ba_o-360x240.jpg\" class=\"attachment-hestia-blog size-hestia-blog\" alt=\"\" srcset=\"https:\/\/okolisnifestival.zelena-akcija.hr\/wp-content\/uploads\/2019\/07\/16877970558_5fd60142ba_o-360x240.jpg 360w, https:\/\/okolisnifestival.zelena-akcija.hr\/wp-content\/uploads\/2019\/07\/16877970558_5fd60142ba_o-300x200.jpg 300w, https:\/\/okolisnifestival.zelena-akcija.hr\/wp-content\/uploads\/2019\/07\/16877970558_5fd60142ba_o-768x512.jpg 768w, https:\/\/okolisnifestival.zelena-akcija.hr\/wp-content\/uploads\/2019\/07\/16877970558_5fd60142ba_o-1024x683.jpg 1024w, https:\/\/okolisnifestival.zelena-akcija.hr\/wp-content\/uploads\/2019\/07\/16877970558_5fd60142ba_o.jpg 1051w\" sizes=\"(max-width: 360px) 100vw, 360px\" data-attachment-id=\"637\" data-permalink=\"https:\/\/okolisnifestival.zelena-akcija.hr\/en\/16877970558_5fd60142ba_o\/\" data-orig-file=\"https:\/\/okolisnifestival.zelena-akcija.hr\/wp-content\/uploads\/2019\/07\/16877970558_5fd60142ba_o.jpg\" data-orig-size=\"1051,701\" data-comments-opened=\"0\" data-image-meta=\"{&quot;aperture&quot;:&quot;0&quot;,&quot;credit&quot;:&quot;&quot;,&quot;camera&quot;:&quot;&quot;,&quot;caption&quot;:&quot;&quot;,&quot;created_timestamp&quot;:&quot;0&quot;,&quot;copyright&quot;:&quot;&quot;,&quot;focal_length&quot;:&quot;0&quot;,&quot;iso&quot;:&quot;0&quot;,&quot;shutter_speed&quot;:&quot;0&quot;,&quot;title&quot;:&quot;&quot;,&quot;orientation&quot;:&quot;0&quot;}\" data-image-title=\"16877970558_5fd60142ba_o\" data-image-description=\"\" data-image-caption=\"\" data-medium-file=\"https:\/\/okolisnifestival.zelena-akcija.hr\/wp-content\/uploads\/2019\/07\/16877970558_5fd60142ba_o-300x200.jpg\" data-large-file=\"https:\/\/okolisnifestival.zelena-akcija.hr\/wp-content\/uploads\/2019\/07\/16877970558_5fd60142ba_o-1024x683.jpg\" \/><\/a>\n\t\t\t<\/dt><\/dl><dl class='gallery-item'>\n\t\t\t<dt class='gallery-icon landscape'>\n\t\t\t\t<a data-elementor-open-lightbox=\"yes\" data-elementor-lightbox-slideshow=\"0253963\" data-elementor-lightbox-title=\"Zelena (2)\" data-e-action-hash=\"#elementor-action%3Aaction%3Dlightbox%26settings%3DeyJpZCI6MjY2LCJ1cmwiOiJodHRwczpcL1wvb2tvbGlzbmlmZXN0aXZhbC56ZWxlbmEtYWtjaWphLmhyXC93cC1jb250ZW50XC91cGxvYWRzXC8yMDE5XC8wM1wvWmVsZW5hLTIuanBnIiwic2xpZGVzaG93IjoiMDI1Mzk2MyJ9\" href='https:\/\/okolisnifestival.zelena-akcija.hr\/wp-content\/uploads\/2019\/03\/Zelena-2.jpg'><img loading=\"lazy\" decoding=\"async\" width=\"360\" height=\"240\" src=\"https:\/\/okolisnifestival.zelena-akcija.hr\/wp-content\/uploads\/2019\/03\/Zelena-2-360x240.jpg\" class=\"attachment-hestia-blog size-hestia-blog\" alt=\"\" srcset=\"https:\/\/okolisnifestival.zelena-akcija.hr\/wp-content\/uploads\/2019\/03\/Zelena-2-360x240.jpg 360w, https:\/\/okolisnifestival.zelena-akcija.hr\/wp-content\/uploads\/2019\/03\/Zelena-2-300x199.jpg 300w, https:\/\/okolisnifestival.zelena-akcija.hr\/wp-content\/uploads\/2019\/03\/Zelena-2-768x510.jpg 768w, https:\/\/okolisnifestival.zelena-akcija.hr\/wp-content\/uploads\/2019\/03\/Zelena-2.jpg 960w\" sizes=\"(max-width: 360px) 100vw, 360px\" data-attachment-id=\"266\" data-permalink=\"https:\/\/okolisnifestival.zelena-akcija.hr\/en\/zelena-2\/\" data-orig-file=\"https:\/\/okolisnifestival.zelena-akcija.hr\/wp-content\/uploads\/2019\/03\/Zelena-2.jpg\" data-orig-size=\"960,638\" data-comments-opened=\"1\" data-image-meta=\"{&quot;aperture&quot;:&quot;0&quot;,&quot;credit&quot;:&quot;&quot;,&quot;camera&quot;:&quot;&quot;,&quot;caption&quot;:&quot;&quot;,&quot;created_timestamp&quot;:&quot;0&quot;,&quot;copyright&quot;:&quot;&quot;,&quot;focal_length&quot;:&quot;0&quot;,&quot;iso&quot;:&quot;0&quot;,&quot;shutter_speed&quot;:&quot;0&quot;,&quot;title&quot;:&quot;&quot;,&quot;orientation&quot;:&quot;0&quot;}\" data-image-title=\"Zelena (2)\" data-image-description=\"\" data-image-caption=\"\" data-medium-file=\"https:\/\/okolisnifestival.zelena-akcija.hr\/wp-content\/uploads\/2019\/03\/Zelena-2-300x199.jpg\" data-large-file=\"https:\/\/okolisnifestival.zelena-akcija.hr\/wp-content\/uploads\/2019\/03\/Zelena-2.jpg\" \/><\/a>\n\t\t\t<\/dt><\/dl><dl class='gallery-item'>\n\t\t\t<dt class='gallery-icon landscape'>\n\t\t\t\t<a data-elementor-open-lightbox=\"yes\" data-elementor-lightbox-slideshow=\"0253963\" data-elementor-lightbox-title=\"Zelena (10)\" data-e-action-hash=\"#elementor-action%3Aaction%3Dlightbox%26settings%3DeyJpZCI6MjcwLCJ1cmwiOiJodHRwczpcL1wvb2tvbGlzbmlmZXN0aXZhbC56ZWxlbmEtYWtjaWphLmhyXC93cC1jb250ZW50XC91cGxvYWRzXC8yMDE5XC8wM1wvWmVsZW5hLTEwLmpwZyIsInNsaWRlc2hvdyI6IjAyNTM5NjMifQ%3D%3D\" href='https:\/\/okolisnifestival.zelena-akcija.hr\/wp-content\/uploads\/2019\/03\/Zelena-10.jpg'><img loading=\"lazy\" decoding=\"async\" width=\"360\" height=\"240\" src=\"https:\/\/okolisnifestival.zelena-akcija.hr\/wp-content\/uploads\/2019\/03\/Zelena-10-360x240.jpg\" class=\"attachment-hestia-blog size-hestia-blog\" alt=\"\" data-attachment-id=\"270\" data-permalink=\"https:\/\/okolisnifestival.zelena-akcija.hr\/en\/zelena-10\/\" data-orig-file=\"https:\/\/okolisnifestival.zelena-akcija.hr\/wp-content\/uploads\/2019\/03\/Zelena-10.jpg\" data-orig-size=\"3377,2561\" data-comments-opened=\"1\" data-image-meta=\"{&quot;aperture&quot;:&quot;2.2&quot;,&quot;credit&quot;:&quot;&quot;,&quot;camera&quot;:&quot;DSC-F828&quot;,&quot;caption&quot;:&quot;&quot;,&quot;created_timestamp&quot;:&quot;1274203660&quot;,&quot;copyright&quot;:&quot;&quot;,&quot;focal_length&quot;:&quot;19.4&quot;,&quot;iso&quot;:&quot;400&quot;,&quot;shutter_speed&quot;:&quot;0.004&quot;,&quot;title&quot;:&quot;&quot;,&quot;orientation&quot;:&quot;1&quot;}\" data-image-title=\"Zelena (10)\" data-image-description=\"\" data-image-caption=\"\" data-medium-file=\"https:\/\/okolisnifestival.zelena-akcija.hr\/wp-content\/uploads\/2019\/03\/Zelena-10-300x228.jpg\" data-large-file=\"https:\/\/okolisnifestival.zelena-akcija.hr\/wp-content\/uploads\/2019\/03\/Zelena-10-1024x777.jpg\" \/><\/a>\n\t\t\t<\/dt><\/dl><br style=\"clear: both\" \/>\n\t\t<\/div>\n\t\t<\/div>\n\t\t\t\t\t\t<\/div>\n\t\t\t\t<\/div>\n\t\t\t\t\t<\/div>\n\t\t<\/div>\n\t\t\t\t\t<\/div>\n\t\t<\/section>\n\t\t\t\t<\/div>","protected":false},"excerpt":{"rendered":"<p>O Zelenoj akciji Zelena akcija (ZA) je nevladino, nestrana\u010dko, neprofitno i dobrovoljno udru\u017eenje gra\u0111ana i gra\u0111anki za za\u0161titu okoli\u0161a, osnovano 1990.g., sa sjedi\u0161tem u Zagrebu. Svojim radom \u017eelimo doprinijeti unaprje\u0111enju sustava za\u0161tite okoli\u0161a na lokalnoj, nacionalnoj i globalnoj razini na na\u010din da poti\u010demo promjene kroz kampanje, nenasilne direktne akcije, projekte, [&hellip;]<\/p>\n","protected":false},"author":1,"featured_media":0,"parent":0,"menu_order":0,"comment_status":"closed","ping_status":"closed","template":"page-templates\/template-pagebuilder-full-width.php","meta":{"jetpack_post_was_ever_published":false,"footnotes":""},"class_list":["post-181","page","type-page","status-publish","hentry"],"yoast_head":"<!-- This site is optimized with the Yoast SEO plugin v24.8 - https:\/\/yoast.com\/wordpress\/plugins\/seo\/ -->\n<title>O Zelenoj akciji - Okoli&scaron;ni filmski festival<\/title>\n<meta name=\"robots\" content=\"index, follow, max-snippet:-1, max-image-preview:large, max-video-preview:-1\" \/>\n<link rel=\"canonical\" href=\"https:\/\/okolisnifestival.zelena-akcija.hr\/en\/o-zelenoj-akciji\/\" \/>\n<meta property=\"og:locale\" content=\"en_GB\" \/>\n<meta property=\"og:type\" content=\"article\" \/>\n<meta property=\"og:title\" content=\"O Zelenoj akciji - Okoli&scaron;ni filmski festival\" \/>\n<meta property=\"og:description\" content=\"O Zelenoj akciji Zelena akcija (ZA) je nevladino, nestrana\u010dko, neprofitno i dobrovoljno udru\u017eenje gra\u0111ana i gra\u0111anki za za\u0161titu okoli\u0161a, osnovano 1990.g., sa sjedi\u0161tem u Zagrebu. Svojim radom \u017eelimo doprinijeti unaprje\u0111enju sustava za\u0161tite okoli\u0161a na lokalnoj, nacionalnoj i globalnoj razini na na\u010din da poti\u010demo promjene kroz kampanje, nenasilne direktne akcije, projekte, [&hellip;]\" \/>\n<meta property=\"og:url\" content=\"https:\/\/okolisnifestival.zelena-akcija.hr\/en\/o-zelenoj-akciji\/\" \/>\n<meta property=\"og:site_name\" content=\"Okoli&scaron;ni filmski festival\" \/>\n<meta property=\"article:publisher\" content=\"https:\/\/www.facebook.com\/efest\/\" \/>\n<meta property=\"article:modified_time\" content=\"2019-07-31T09:26:50+00:00\" \/>\n<meta property=\"og:image\" content=\"https:\/\/okolisnifestival.zelena-akcija.hr\/wp-content\/uploads\/2019\/03\/Zelena-6-360x240.jpg\" \/>\n<meta name=\"twitter:card\" content=\"summary_large_image\" \/>\n<meta name=\"twitter:label1\" content=\"Estimated reading time\" \/>\n\t<meta name=\"twitter:data1\" content=\"1 minute\" \/>\n<script type=\"application\/ld+json\" class=\"yoast-schema-graph\">{\"@context\":\"https:\/\/schema.org\",\"@graph\":[{\"@type\":\"WebPage\",\"@id\":\"https:\/\/okolisnifestival.zelena-akcija.hr\/o-zelenoj-akciji\/\",\"url\":\"https:\/\/okolisnifestival.zelena-akcija.hr\/o-zelenoj-akciji\/\",\"name\":\"O Zelenoj akciji - Okoli&scaron;ni filmski festival\",\"isPartOf\":{\"@id\":\"https:\/\/okolisnifestival.zelena-akcija.hr\/en\/#website\"},\"primaryImageOfPage\":{\"@id\":\"https:\/\/okolisnifestival.zelena-akcija.hr\/o-zelenoj-akciji\/#primaryimage\"},\"image\":{\"@id\":\"https:\/\/okolisnifestival.zelena-akcija.hr\/o-zelenoj-akciji\/#primaryimage\"},\"thumbnailUrl\":\"https:\/\/okolisnifestival.zelena-akcija.hr\/wp-content\/uploads\/2019\/03\/Zelena-6-360x240.jpg\",\"datePublished\":\"2019-02-14T12:53:33+00:00\",\"dateModified\":\"2019-07-31T09:26:50+00:00\",\"breadcrumb\":{\"@id\":\"https:\/\/okolisnifestival.zelena-akcija.hr\/o-zelenoj-akciji\/#breadcrumb\"},\"inLanguage\":\"en-GB\",\"potentialAction\":[{\"@type\":\"ReadAction\",\"target\":[\"https:\/\/okolisnifestival.zelena-akcija.hr\/o-zelenoj-akciji\/\"]}]},{\"@type\":\"ImageObject\",\"inLanguage\":\"en-GB\",\"@id\":\"https:\/\/okolisnifestival.zelena-akcija.hr\/o-zelenoj-akciji\/#primaryimage\",\"url\":\"https:\/\/okolisnifestival.zelena-akcija.hr\/wp-content\/uploads\/2019\/03\/Zelena-6-360x240.jpg\",\"contentUrl\":\"https:\/\/okolisnifestival.zelena-akcija.hr\/wp-content\/uploads\/2019\/03\/Zelena-6-360x240.jpg\"},{\"@type\":\"BreadcrumbList\",\"@id\":\"https:\/\/okolisnifestival.zelena-akcija.hr\/o-zelenoj-akciji\/#breadcrumb\",\"itemListElement\":[{\"@type\":\"ListItem\",\"position\":1,\"name\":\"Home\",\"item\":\"https:\/\/okolisnifestival.zelena-akcija.hr\/\"},{\"@type\":\"ListItem\",\"position\":2,\"name\":\"O Zelenoj akciji\"}]},{\"@type\":\"WebSite\",\"@id\":\"https:\/\/okolisnifestival.zelena-akcija.hr\/en\/#website\",\"url\":\"https:\/\/okolisnifestival.zelena-akcija.hr\/en\/\",\"name\":\"Okoli\u0161ni filmski festival\",\"description\":\"\",\"publisher\":{\"@id\":\"https:\/\/okolisnifestival.zelena-akcija.hr\/en\/#organization\"},\"potentialAction\":[{\"@type\":\"SearchAction\",\"target\":{\"@type\":\"EntryPoint\",\"urlTemplate\":\"https:\/\/okolisnifestival.zelena-akcija.hr\/en\/?s={search_term_string}\"},\"query-input\":{\"@type\":\"PropertyValueSpecification\",\"valueRequired\":true,\"valueName\":\"search_term_string\"}}],\"inLanguage\":\"en-GB\"},{\"@type\":\"Organization\",\"@id\":\"https:\/\/okolisnifestival.zelena-akcija.hr\/en\/#organization\",\"name\":\"Zelena akcija\",\"url\":\"https:\/\/okolisnifestival.zelena-akcija.hr\/en\/\",\"logo\":{\"@type\":\"ImageObject\",\"inLanguage\":\"en-GB\",\"@id\":\"https:\/\/okolisnifestival.zelena-akcija.hr\/en\/#\/schema\/logo\/image\/\",\"url\":\"https:\/\/i0.wp.com\/okolisnifestival.zelena-akcija.hr\/wp-content\/uploads\/2019\/03\/ZA-logo-rgb-white-veci.jpg?fit=2000%2C758&ssl=1\",\"contentUrl\":\"https:\/\/i0.wp.com\/okolisnifestival.zelena-akcija.hr\/wp-content\/uploads\/2019\/03\/ZA-logo-rgb-white-veci.jpg?fit=2000%2C758&ssl=1\",\"width\":2000,\"height\":758,\"caption\":\"Zelena akcija\"},\"image\":{\"@id\":\"https:\/\/okolisnifestival.zelena-akcija.hr\/en\/#\/schema\/logo\/image\/\"},\"sameAs\":[\"https:\/\/www.facebook.com\/efest\/\"]}]}<\/script>\n<!-- \/ Yoast SEO plugin. -->","yoast_head_json":{"title":"O Zelenoj akciji - Okoli&scaron;ni filmski festival","robots":{"index":"index","follow":"follow","max-snippet":"max-snippet:-1","max-image-preview":"max-image-preview:large","max-video-preview":"max-video-preview:-1"},"canonical":"https:\/\/okolisnifestival.zelena-akcija.hr\/en\/o-zelenoj-akciji\/","og_locale":"en_GB","og_type":"article","og_title":"O Zelenoj akciji - Okoli&scaron;ni filmski festival","og_description":"O Zelenoj akciji Zelena akcija (ZA) je nevladino, nestrana\u010dko, neprofitno i dobrovoljno udru\u017eenje gra\u0111ana i gra\u0111anki za za\u0161titu okoli\u0161a, osnovano 1990.g., sa sjedi\u0161tem u Zagrebu. Svojim radom \u017eelimo doprinijeti unaprje\u0111enju sustava za\u0161tite okoli\u0161a na lokalnoj, nacionalnoj i globalnoj razini na na\u010din da poti\u010demo promjene kroz kampanje, nenasilne direktne akcije, projekte, [&hellip;]","og_url":"https:\/\/okolisnifestival.zelena-akcija.hr\/en\/o-zelenoj-akciji\/","og_site_name":"Okoli&scaron;ni filmski festival","article_publisher":"https:\/\/www.facebook.com\/efest\/","article_modified_time":"2019-07-31T09:26:50+00:00","og_image":[{"url":"https:\/\/okolisnifestival.zelena-akcija.hr\/wp-content\/uploads\/2019\/03\/Zelena-6-360x240.jpg","type":"","width":"","height":""}],"twitter_card":"summary_large_image","twitter_misc":{"Estimated reading time":"1 minute"},"schema":{"@context":"https:\/\/schema.org","@graph":[{"@type":"WebPage","@id":"https:\/\/okolisnifestival.zelena-akcija.hr\/o-zelenoj-akciji\/","url":"https:\/\/okolisnifestival.zelena-akcija.hr\/o-zelenoj-akciji\/","name":"O Zelenoj akciji - Okoli&scaron;ni filmski festival","isPartOf":{"@id":"https:\/\/okolisnifestival.zelena-akcija.hr\/en\/#website"},"primaryImageOfPage":{"@id":"https:\/\/okolisnifestival.zelena-akcija.hr\/o-zelenoj-akciji\/#primaryimage"},"image":{"@id":"https:\/\/okolisnifestival.zelena-akcija.hr\/o-zelenoj-akciji\/#primaryimage"},"thumbnailUrl":"https:\/\/okolisnifestival.zelena-akcija.hr\/wp-content\/uploads\/2019\/03\/Zelena-6-360x240.jpg","datePublished":"2019-02-14T12:53:33+00:00","dateModified":"2019-07-31T09:26:50+00:00","breadcrumb":{"@id":"https:\/\/okolisnifestival.zelena-akcija.hr\/o-zelenoj-akciji\/#breadcrumb"},"inLanguage":"en-GB","potentialAction":[{"@type":"ReadAction","target":["https:\/\/okolisnifestival.zelena-akcija.hr\/o-zelenoj-akciji\/"]}]},{"@type":"ImageObject","inLanguage":"en-GB","@id":"https:\/\/okolisnifestival.zelena-akcija.hr\/o-zelenoj-akciji\/#primaryimage","url":"https:\/\/okolisnifestival.zelena-akcija.hr\/wp-content\/uploads\/2019\/03\/Zelena-6-360x240.jpg","contentUrl":"https:\/\/okolisnifestival.zelena-akcija.hr\/wp-content\/uploads\/2019\/03\/Zelena-6-360x240.jpg"},{"@type":"BreadcrumbList","@id":"https:\/\/okolisnifestival.zelena-akcija.hr\/o-zelenoj-akciji\/#breadcrumb","itemListElement":[{"@type":"ListItem","position":1,"name":"Home","item":"https:\/\/okolisnifestival.zelena-akcija.hr\/"},{"@type":"ListItem","position":2,"name":"O Zelenoj akciji"}]},{"@type":"WebSite","@id":"https:\/\/okolisnifestival.zelena-akcija.hr\/en\/#website","url":"https:\/\/okolisnifestival.zelena-akcija.hr\/en\/","name":"Environmental film festival","description":"","publisher":{"@id":"https:\/\/okolisnifestival.zelena-akcija.hr\/en\/#organization"},"potentialAction":[{"@type":"SearchAction","target":{"@type":"EntryPoint","urlTemplate":"https:\/\/okolisnifestival.zelena-akcija.hr\/en\/?s={search_term_string}"},"query-input":{"@type":"PropertyValueSpecification","valueRequired":true,"valueName":"search_term_string"}}],"inLanguage":"en-GB"},{"@type":"Organization","@id":"https:\/\/okolisnifestival.zelena-akcija.hr\/en\/#organization","name":"Zelena akcija","url":"https:\/\/okolisnifestival.zelena-akcija.hr\/en\/","logo":{"@type":"ImageObject","inLanguage":"en-GB","@id":"https:\/\/okolisnifestival.zelena-akcija.hr\/en\/#\/schema\/logo\/image\/","url":"https:\/\/i0.wp.com\/okolisnifestival.zelena-akcija.hr\/wp-content\/uploads\/2019\/03\/ZA-logo-rgb-white-veci.jpg?fit=2000%2C758&ssl=1","contentUrl":"https:\/\/i0.wp.com\/okolisnifestival.zelena-akcija.hr\/wp-content\/uploads\/2019\/03\/ZA-logo-rgb-white-veci.jpg?fit=2000%2C758&ssl=1","width":2000,"height":758,"caption":"Zelena akcija"},"image":{"@id":"https:\/\/okolisnifestival.zelena-akcija.hr\/en\/#\/schema\/logo\/image\/"},"sameAs":["https:\/\/www.facebook.com\/efest\/"]}]}},"jetpack_sharing_enabled":true,"jetpack_shortlink":"https:\/\/wp.me\/PaO4kI-2V","jetpack-related-posts":[],"_links":{"self":[{"href":"https:\/\/okolisnifestival.zelena-akcija.hr\/en\/wp-json\/wp\/v2\/pages\/181","targetHints":{"allow":["GET"]}}],"collection":[{"href":"https:\/\/okolisnifestival.zelena-akcija.hr\/en\/wp-json\/wp\/v2\/pages"}],"about":[{"href":"https:\/\/okolisnifestival.zelena-akcija.hr\/en\/wp-json\/wp\/v2\/types\/page"}],"author":[{"embeddable":true,"href":"https:\/\/okolisnifestival.zelena-akcija.hr\/en\/wp-json\/wp\/v2\/users\/1"}],"replies":[{"embeddable":true,"href":"https:\/\/okolisnifestival.zelena-akcija.hr\/en\/wp-json\/wp\/v2\/comments?post=181"}],"version-history":[{"count":13,"href":"https:\/\/okolisnifestival.zelena-akcija.hr\/en\/wp-json\/wp\/v2\/pages\/181\/revisions"}],"predecessor-version":[{"id":648,"href":"https:\/\/okolisnifestival.zelena-akcija.hr\/en\/wp-json\/wp\/v2\/pages\/181\/revisions\/648"}],"wp:attachment":[{"href":"https:\/\/okolisnifestival.zelena-akcija.hr\/en\/wp-json\/wp\/v2\/media?parent=181"}],"curies":[{"name":"wp","href":"https:\/\/api.w.org\/{rel}","templated":true}]}}