{"id":36,"date":"2019-01-26T14:13:16","date_gmt":"2019-01-26T14:13:16","guid":{"rendered":"http:\/\/localhost\/wordpress\/?page_id=36"},"modified":"2020-08-24T11:47:14","modified_gmt":"2020-08-24T09:47:14","slug":"program-festivala-2019","status":"publish","type":"page","link":"https:\/\/okolisnifestival.zelena-akcija.hr\/en\/program-festivala-2019\/","title":{"rendered":"Program festivala 2019."},"content":{"rendered":"<div data-elementor-type=\"wp-post\" data-elementor-id=\"36\" class=\"elementor elementor-36\">\n\t\t\t\t\t\t<section class=\"elementor-section elementor-top-section elementor-element elementor-element-8f692d2 elementor-section-boxed elementor-section-height-default elementor-section-height-default\" data-id=\"8f692d2\" data-element_type=\"section\" data-e-type=\"section\">\n\t\t\t\t\t\t<div class=\"elementor-container elementor-column-gap-default\">\n\t\t\t\t\t<div class=\"elementor-column elementor-col-100 elementor-top-column elementor-element elementor-element-aff9dcd\" data-id=\"aff9dcd\" data-element_type=\"column\" data-e-type=\"column\">\n\t\t\t<div class=\"elementor-widget-wrap elementor-element-populated\">\n\t\t\t\t\t\t<div class=\"elementor-element elementor-element-c4ce17c elementor-widget elementor-widget-heading\" data-id=\"c4ce17c\" data-element_type=\"widget\" data-e-type=\"widget\" data-widget_type=\"heading.default\">\n\t\t\t\t<div class=\"elementor-widget-container\">\n\t\t\t\t\t<h2 class=\"elementor-heading-title elementor-size-default\">Festival programme<\/h2>\t\t\t\t<\/div>\n\t\t\t\t<\/div>\n\t\t\t\t<div class=\"elementor-element elementor-element-eed20ec elementor-widget elementor-widget-text-editor\" data-id=\"eed20ec\" data-element_type=\"widget\" data-e-type=\"widget\" data-widget_type=\"text-editor.default\">\n\t\t\t\t<div class=\"elementor-widget-container\">\n\t\t\t\t\t\t\t\t\t<h2 style=\"text-align: center;\">Za detaljan opis programa po danima skrolaj dolje :)<\/h2><p><a href=\"https:\/\/okolisnifestival.zelena-akcija.hr\/wp-content\/uploads\/2019\/05\/PROGRAM-1.jpg\"><img fetchpriority=\"high\" decoding=\"async\" data-attachment-id=\"589\" data-permalink=\"https:\/\/okolisnifestival.zelena-akcija.hr\/en\/program-1\/\" data-orig-file=\"https:\/\/okolisnifestival.zelena-akcija.hr\/wp-content\/uploads\/2019\/05\/PROGRAM-1.jpg\" data-orig-size=\"3508,2480\" data-comments-opened=\"0\" data-image-meta=\"{&quot;aperture&quot;:&quot;0&quot;,&quot;credit&quot;:&quot;&quot;,&quot;camera&quot;:&quot;&quot;,&quot;caption&quot;:&quot;&quot;,&quot;created_timestamp&quot;:&quot;0&quot;,&quot;copyright&quot;:&quot;&quot;,&quot;focal_length&quot;:&quot;0&quot;,&quot;iso&quot;:&quot;0&quot;,&quot;shutter_speed&quot;:&quot;0&quot;,&quot;title&quot;:&quot;&quot;,&quot;orientation&quot;:&quot;1&quot;}\" data-image-title=\"PROGRAM (1)\" data-image-description=\"\" data-image-caption=\"\" data-medium-file=\"https:\/\/okolisnifestival.zelena-akcija.hr\/wp-content\/uploads\/2019\/05\/PROGRAM-1-300x212.jpg\" data-large-file=\"https:\/\/okolisnifestival.zelena-akcija.hr\/wp-content\/uploads\/2019\/05\/PROGRAM-1-1024x724.jpg\" src=\"https:\/\/okolisnifestival.zelena-akcija.hr\/wp-content\/uploads\/2019\/05\/PROGRAM-1-1024x724.jpg\" alt=\"\" width=\"750\" height=\"530\" class=\"aligncenter wp-image-589 size-large\" srcset=\"https:\/\/okolisnifestival.zelena-akcija.hr\/wp-content\/uploads\/2019\/05\/PROGRAM-1-1024x724.jpg 1024w, https:\/\/okolisnifestival.zelena-akcija.hr\/wp-content\/uploads\/2019\/05\/PROGRAM-1-300x212.jpg 300w, https:\/\/okolisnifestival.zelena-akcija.hr\/wp-content\/uploads\/2019\/05\/PROGRAM-1-768x543.jpg 768w\" sizes=\"(max-width: 750px) 100vw, 750px\" \/><\/a><\/p>\t\t\t\t\t\t\t\t<\/div>\n\t\t\t\t<\/div>\n\t\t\t\t\t<\/div>\n\t\t<\/div>\n\t\t\t\t\t<\/div>\n\t\t<\/section>\n\t\t\t\t<section class=\"elementor-section elementor-top-section elementor-element elementor-element-8bd1dde elementor-section-boxed elementor-section-height-default elementor-section-height-default\" data-id=\"8bd1dde\" data-element_type=\"section\" data-e-type=\"section\">\n\t\t\t\t\t\t<div class=\"elementor-container elementor-column-gap-default\">\n\t\t\t\t\t<div class=\"elementor-column elementor-col-100 elementor-top-column elementor-element elementor-element-c88cf58\" data-id=\"c88cf58\" data-element_type=\"column\" data-e-type=\"column\">\n\t\t\t<div class=\"elementor-widget-wrap elementor-element-populated\">\n\t\t\t\t\t\t<div class=\"elementor-element elementor-element-21ca1cc elementor-tabs-view-horizontal elementor-widget elementor-widget-tabs\" data-id=\"21ca1cc\" data-element_type=\"widget\" data-e-type=\"widget\" data-widget_type=\"tabs.default\">\n\t\t\t\t<div class=\"elementor-widget-container\">\n\t\t\t\t\t\t\t<div class=\"elementor-tabs\">\n\t\t\t<div class=\"elementor-tabs-wrapper\" role=\"tablist\" >\n\t\t\t\t\t\t\t\t\t<div id=\"elementor-tab-title-3541\" class=\"elementor-tab-title elementor-tab-desktop-title\" aria-selected=\"true\" data-tab=\"1\" role=\"tab\" tabindex=\"0\" aria-controls=\"elementor-tab-content-3541\" aria-expanded=\"false\">Friday, May 24th 2019<\/div>\n\t\t\t\t\t\t\t\t\t<div id=\"elementor-tab-title-3542\" class=\"elementor-tab-title elementor-tab-desktop-title\" aria-selected=\"false\" data-tab=\"2\" role=\"tab\" tabindex=\"-1\" aria-controls=\"elementor-tab-content-3542\" aria-expanded=\"false\">Saturday, May 25th 2019<\/div>\n\t\t\t\t\t\t\t\t\t<div id=\"elementor-tab-title-3543\" class=\"elementor-tab-title elementor-tab-desktop-title\" aria-selected=\"false\" data-tab=\"3\" role=\"tab\" tabindex=\"-1\" aria-controls=\"elementor-tab-content-3543\" aria-expanded=\"false\">Sunday, May 26th 2019<\/div>\n\t\t\t\t\t\t\t\t\t<div id=\"elementor-tab-title-3544\" class=\"elementor-tab-title elementor-tab-desktop-title\" aria-selected=\"false\" data-tab=\"4\" role=\"tab\" tabindex=\"-1\" aria-controls=\"elementor-tab-content-3544\" aria-expanded=\"false\">Bonus sadr\u017eaji<\/div>\n\t\t\t\t\t\t\t<\/div>\n\t\t\t<div class=\"elementor-tabs-content-wrapper\" role=\"tablist\" aria-orientation=\"vertical\">\n\t\t\t\t\t\t\t\t\t<div class=\"elementor-tab-title elementor-tab-mobile-title\" aria-selected=\"true\" data-tab=\"1\" role=\"tab\" tabindex=\"0\" aria-controls=\"elementor-tab-content-3541\" aria-expanded=\"false\">Friday, May 24th 2019<\/div>\n\t\t\t\t\t<div id=\"elementor-tab-content-3541\" class=\"elementor-tab-content elementor-clearfix\" data-tab=\"1\" role=\"tabpanel\" aria-labelledby=\"elementor-tab-title-3541\" tabindex=\"0\" hidden=\"false\"><p style=\"text-align: center;\"><span style=\"color: #000000;\"><strong>17:00 &#8211; 17:40 \/ Kino Europa<br \/><\/strong><span style=\"color: #8b418c;\"><strong>Priroda: Sva prava pridr\u017eana \/ <\/strong><\/span><strong><span style=\"color: #8b418c;\">Nature: all rights reserved, 23<\/span>&#8216;<\/strong><\/span><\/p><p style=\"text-align: center;\"><span style=\"color: #000000;\"><strong>Sebastian Mulder, 2016.<\/strong><\/span><\/p><p style=\"text-align: center;\"><span style=\"color: #000000;\">\u201cMoje su plasti\u010dne biljke umrle jer se nisam pravio da ih zalijevam\u201d re\u010denica je kojom Sebastian Mulder zapo\u010dinje svoje meditativno istra\u017eivanje o suvremenom poimanju prirode. Ona i dalje igra va\u017enu ulogu u na\u0161im \u017eivotima, (barem onu estetsku i umiruju\u0107u), samo je sada u obliku umjetnog fikusa u sobi, slike \u0161ume na desktopu ili plasti\u010dnog flaminga u zubarskoj \u010dekaonici. Iznenadite se grani\u010dno bizarnim, a toliko poznatim prizorima iz svakodnevice i zapitajte se do koje mjere artificijelna priroda mo\u017ee zamijeniti stvarnu?<\/span><\/p><p style=\"text-align: center;\"><span style=\"color: #000000;\"><a href=\"https:\/\/okolisnifestival.zelena-akcija.hr\/wp-content\/uploads\/2019\/05\/NATURE_ALL_RIGHTS_RESERVED_STILL_1-1612x907.jpg\" style=\"color: #000000;\"><img decoding=\"async\" data-attachment-id=\"383\" data-permalink=\"https:\/\/okolisnifestival.zelena-akcija.hr\/en\/nature_all_rights_reserved_still_1-1612x907\/\" data-orig-file=\"https:\/\/okolisnifestival.zelena-akcija.hr\/wp-content\/uploads\/2019\/05\/NATURE_ALL_RIGHTS_RESERVED_STILL_1-1612x907.jpg\" data-orig-size=\"1612,907\" data-comments-opened=\"1\" data-image-meta=\"{&quot;aperture&quot;:&quot;0&quot;,&quot;credit&quot;:&quot;&quot;,&quot;camera&quot;:&quot;&quot;,&quot;caption&quot;:&quot;&quot;,&quot;created_timestamp&quot;:&quot;0&quot;,&quot;copyright&quot;:&quot;&quot;,&quot;focal_length&quot;:&quot;0&quot;,&quot;iso&quot;:&quot;0&quot;,&quot;shutter_speed&quot;:&quot;0&quot;,&quot;title&quot;:&quot;&quot;,&quot;orientation&quot;:&quot;0&quot;}\" data-image-title=\"NATURE_ALL_RIGHTS_RESERVED_STILL_1-1612&amp;#215;907\" data-image-description=\"\" data-image-caption=\"\" data-medium-file=\"https:\/\/okolisnifestival.zelena-akcija.hr\/wp-content\/uploads\/2019\/05\/NATURE_ALL_RIGHTS_RESERVED_STILL_1-1612x907-300x169.jpg\" data-large-file=\"https:\/\/okolisnifestival.zelena-akcija.hr\/wp-content\/uploads\/2019\/05\/NATURE_ALL_RIGHTS_RESERVED_STILL_1-1612x907-1024x576.jpg\" src=\"https:\/\/okolisnifestival.zelena-akcija.hr\/wp-content\/uploads\/2019\/05\/NATURE_ALL_RIGHTS_RESERVED_STILL_1-1612x907-300x169.jpg\" alt=\"\" class=\"alignnone size-medium wp-image-383\" width=\"300\" height=\"169\" srcset=\"https:\/\/okolisnifestival.zelena-akcija.hr\/wp-content\/uploads\/2019\/05\/NATURE_ALL_RIGHTS_RESERVED_STILL_1-1612x907-300x169.jpg 300w, https:\/\/okolisnifestival.zelena-akcija.hr\/wp-content\/uploads\/2019\/05\/NATURE_ALL_RIGHTS_RESERVED_STILL_1-1612x907-768x432.jpg 768w, https:\/\/okolisnifestival.zelena-akcija.hr\/wp-content\/uploads\/2019\/05\/NATURE_ALL_RIGHTS_RESERVED_STILL_1-1612x907-1024x576.jpg 1024w, https:\/\/okolisnifestival.zelena-akcija.hr\/wp-content\/uploads\/2019\/05\/NATURE_ALL_RIGHTS_RESERVED_STILL_1-1612x907.jpg 1612w\" sizes=\"(max-width: 300px) 100vw, 300px\" \/><\/a><\/span><\/p><p style=\"text-align: center;\"><span style=\"color: #000000;\"><strong>18:00 &#8211; 19:30 \/ Kino Europa<br \/><\/strong><span style=\"color: #8b418c;\"><strong>Plavo zlato: Svjetski ratovi za vodu \/ Blue Gold: World Water Wars, 90\u2019<\/strong><\/span><\/span><\/p><p style=\"text-align: center;\"><span style=\"color: #000000;\"><strong>Sam Bozzo, 2008.<\/strong><\/span><\/p><p style=\"text-align: center;\"><span style=\"color: #000000;\">Kao \u0161to su se u pro\u0161losti, a i danas ratovi vodili za naftu i druge resurse, tako \u0107e se u budu\u0107nosti oni voditi za pitku vodu \u2013 poruka je ovog dokumentarnog filma temeljenog na knjizi autora Maude Barlow i Tony Clarke. Zalihe pitke vode se smanjuju, a Zemlja se opusto\u0161uje. Korporativni divovi, privatni investitori i korumpirane vlade bore se za kontrolu nad sve manjim zalihama vode. U ovom filmu, prepunom primjera iz raznih dijelova svijeta, saznajemo za\u0161to i kako se sada boriti za vodu, kako bismo izbjegli sukobe i osigurali budu\u0107nost \u010dovje\u010danstva.<\/span><\/p><p style=\"text-align: center;\"><span style=\"color: #000000;\"><strong>19:45 &#8211; 21:00 \/ Kino Europa<br \/><\/strong><span style=\"color: #8b418c;\"><strong>Okusi <span style=\"color: #8b418c;\">otpad<\/span> \/ Taste the waste, 88&#8242;<\/strong><\/span><\/span><\/p><p style=\"text-align: center;\"><span style=\"color: #000000;\"><strong>Valentin Thurn, 2011.<\/strong><\/span><\/p><p style=\"text-align: center;\"><span style=\"color: #000000;\">Procjenjuje se da se u Hrvatskoj baca 380 000 tona hrane godi\u0161nje, a na razini EU \u010dak do 88 milijuna tona. Smatra se da taj otpad najvi\u0161e stvaraju doma\u0107instva, a da su uzrok prekomjerna kupovina, neupotrebljavanje namirnica s kratkim rokom trajanja i op\u0107enito neznanje kako iskoristiti ostatke hrane, no kolika je zapravo odgovornost pojedinaca, a koliko na na\u0161e pona\u0161anje i kupovne navike utje\u010du proizvo\u0111a\u010di i trgovci?<\/span><\/p><p style=\"text-align: center;\"><span style=\"color: #000000;\">U nagra\u0111ivanom dokumentarcu Valentina Thurna zavirit \u0107emo u ko\u0161eve velikih trgova\u010dkih lanaca diljem Europe i saznati tko to\u010dno doprinosi brojci od 88 milijuna tona te kako se stvaraju potro\u0161a\u010dke navike. Osim toga, saznat \u0107emo i kako te navike utje\u010du na proizvodnju u prekomorskim zemljama, gdje stvaraju apsurdne situacije u kojoj Veronique iz Kameruna ima zada\u0107u razvrstati ne\u017eeljenu hranu s polica u kante za sme\u0107e, a zabranjeno joj je da istu ponese ku\u0107i i pripremi svojoj obitelji. Za kraj, otkrit \u0107emo i kako da obrnemo pri\u010du te umjesto da dopustimo da trgovci oblikuju na\u0161e pona\u0161anje, mi po\u010dnemo diktirati njihovu praksu i sprije\u010dimo bacanje hrane.<\/span><\/p><\/div>\n\t\t\t\t\t\t\t\t\t<div class=\"elementor-tab-title elementor-tab-mobile-title\" aria-selected=\"false\" data-tab=\"2\" role=\"tab\" tabindex=\"-1\" aria-controls=\"elementor-tab-content-3542\" aria-expanded=\"false\">Saturday, May 25th 2019<\/div>\n\t\t\t\t\t<div id=\"elementor-tab-content-3542\" class=\"elementor-tab-content elementor-clearfix\" data-tab=\"2\" role=\"tabpanel\" aria-labelledby=\"elementor-tab-title-3542\" tabindex=\"0\" hidden=\"hidden\"><p style=\"text-align: center;\"><strong>10:00 &#8211; 12:30 \/ Zelena akcija<br \/><\/strong><span style=\"color: #ff9900;\"><strong>Radionica izrade vertikalnih vrtova<\/strong><\/span><\/p><p style=\"text-align: center;\">\u017delite sami uzgajati svoje papri\u010dice, za\u010dine i mrkve, a ne \u017eelite da se gu\u017evaju u teglama na prozoru? Ovom radionicom o vertikalnom uzgoju biljaka dokazat \u0107emo vam kako za vrtlarenje nije nu\u017ean vrt, puno prostora, \u010dak niti balkon! Zajedno \u0107emo kreativno upotrijebiti odba\u010dene materijale za izradu konstrukcije vrta (tzv. upcycling) te saznati pone\u0161to o uzgoju povrtnih, ukrasnih i za\u010dinskih vrsta koje se mogu uspje\u0161no uzgojiti na ovaj na\u010din.<br \/>Radionicu \u0107e odr\u017eati \u201cStudentski vrt\u201d, inicijativa studenata i studentica Agronomskog fakulteta koja, uz to \u0161to vrtlare na vlastitoj parceli na Agronomiji, dr\u017ee radionice, filmske ve\u010deri i dru\u017eenja kako bi potaknuli raspravu o na\u010dinu kako se hrana proizvodi i ponudili konkretna rje\u0161enja za neke od postoje\u0107ih problema.<\/p><p style=\"text-align: center;\"><span>Kako bismo znali s koliko ljudi ra\u010dunamo (nije isto raditi s 5 ili 25 ljudi, a treba i osigurati i materijale :)), molimo vas da se prijavite na radionicu <a href=\"https:\/\/forms.gle\/ZU3xBmCvBpjdbUbk6\" target=\"_blank\" rel=\"noopener\">putem jednostavnog obrasca<\/a>. Veselimo vam se!<\/span><\/p><p style=\"text-align: center;\"><b>14:00 &#8211; 15:30 \/ Zelena akcija<br \/><\/b><span style=\"color: #ff9900;\"><b>Radionica \u0161ivanja i pokrpavanja<\/b><\/span><\/p><p style=\"text-align: center;\"><span>Dana\u0161nji vijek proizvoda puno je kra\u0107i nego prije. Modna industrija ima potrebu plasirati \u0161to vi\u0161e proizvoda kako bi ostvarila \u0161to ve\u0107e prihode u \u0161to kra\u0107em roku. Zbog toga se stvari dizajniraju tako da bi se \u0161to prije &#8220;potro\u0161ile&#8221; i kupile nove, pritom stvaraju\u0107i velike koli\u010dine tekstilnog otpada, koji nerijetko u sebi sadr\u017ei za okoli\u0161 \u0161tetne materijale poput plastike. Popravljanjem umjesto bacanjem, osim \u0161to \u0161tedimo resurse potrebne za proizvodnju novih proizvoda, smanjujemo nastanak otpada te \u0161tedimo novac.<\/span> <span>Na radionici \u0107ete imati priliku do\u0107i sa svojim &#8220;potro\u0161enim&#8221; i podrapanim stvarima, pokrpati ih i nau\u010diti osnove \u0161ivanja. Mo\u0107i \u0107ete sa\u0161iti i ve\u0107e platnene vre\u0107ice ili manje platnene vre\u0107ice za kupovanje u rinfuzi.<\/span> <span>Cilj radionice je pru\u017eiti otpor konzumerizmu i usprotiviti se konceptu tzv. planiranog zastarijevanja, u\u010de\u0107i vje\u0161tine koje su starije generacije itekako koristile i njegovale, a koje su gotovo izumrle u doba prekomjerne proizvodnje i potro\u0161nje.<\/span><\/p><p style=\"text-align: center;\"><span>Kako bismo znali s koliko ljudi ra\u010dunamo (nije isto raditi s 5 i s 25 ljudi, a treba i osigurati materijale :)), molimo vas da se prijavite na radionicu <a href=\"https:\/\/forms.gle\/MgPY3TGdKozfoK5AA\" target=\"_blank\" rel=\"noopener\">putem jednostavnog obrasca.<\/a> Veselimo vam se!<\/span><\/p><p style=\"text-align: center;\"><strong>15:30 &#8211; 16:45 \/ Zelena akcija<br \/><\/strong><span style=\"color: #45bf59;\"><strong>Panel: Nevidljivi utjecaj modne industrije<\/strong><\/span><\/p><p style=\"text-align: center;\">Nastavno na radionicu \u0161ivanja, a kao uvod u film \u201cStvarna cijena\u201d koji \u0107e nam osvijetliti globalni kontekst, \u017eelimo popri\u010dati o modnoj industriji iz par lokalnih perspektiva: one osobne, kao radnice, one feministi\u010dke i one okoli\u0161ne, ali \u017eelimo prona\u0107i i alternativu. Ovim panelom nadamo se upoznati ih sve. <\/p><p style=\"text-align: center;\"><strong>17:00 &#8211; 18:30 \/ Kino Europa<br \/><\/strong><span style=\"color: #9649a3;\"><strong><span style=\"color: #8b41a3;\">Stvarna cijena \/ The True Cost, 93&#8242;<\/span> <\/strong><\/span><span><strong><\/strong><\/span><\/p><p style=\"text-align: center;\"><strong> Andrew Morgan, 2015.<\/strong><\/p><p style=\"text-align: center;\">Odje\u0107a je sa svakim desetlje\u0107em sve jeftinija. Dodu\u0161e, samo za nas kupce. Stvarnu cijenu pla\u0107aju ljudi koji je proizvode i okoli\u0161 koji trpi posljedice njene masovne proizvodnje. Snimljen u 13 zemalja \u0161irom svijeta, kako pod glamuroznim svjetlima modnih pista, tako i u najsiroma\u0161nijim \u010detvrtima, ovaj dokumentarac prikazuje mra\u010dne ponore iza blje\u0161tavih kulisa modne industrije i tek djeli\u0107 o\u010daja koji uzrokuje tzv. \u201ebrza moda\u201c. \u201eStvarna cijena\u201d ambiciozan je projekt koji \u0107e vam otvoriti o\u010di za mnoge nepravde uzrokovane trenutnom svjetskom ekonomskom politikom, kao i na\u0161om ovisno\u0161\u0107u o potro\u0161nji i kupnji.<\/p><p style=\"text-align: center;\"><a href=\"https:\/\/okolisnifestival.zelena-akcija.hr\/wp-content\/uploads\/2019\/05\/true_pressstill1.jpg\"><img decoding=\"async\" data-attachment-id=\"397\" data-permalink=\"https:\/\/okolisnifestival.zelena-akcija.hr\/en\/the-true-cost-image-1\/\" data-orig-file=\"https:\/\/okolisnifestival.zelena-akcija.hr\/wp-content\/uploads\/2019\/05\/true_pressstill1.jpg\" data-orig-size=\"2100,1181\" data-comments-opened=\"1\" data-image-meta=\"{&quot;aperture&quot;:&quot;0&quot;,&quot;credit&quot;:&quot;&quot;,&quot;camera&quot;:&quot;&quot;,&quot;caption&quot;:&quot;&quot;,&quot;created_timestamp&quot;:&quot;1423748674&quot;,&quot;copyright&quot;:&quot;PHOTOGRAPH TO BE USED SOLELY FOR ADVERTISING, PROMOTION, PUBLICITY OR REVIEWS OF THIS SPECIFIC MOTION PICTURE AND TO REMAIN THE&quot;,&quot;focal_length&quot;:&quot;0&quot;,&quot;iso&quot;:&quot;0&quot;,&quot;shutter_speed&quot;:&quot;0&quot;,&quot;title&quot;:&quot;The True Cost - Image 1&quot;,&quot;orientation&quot;:&quot;1&quot;}\" data-image-title=\"The True Cost &amp;#8211; Image 1\" data-image-description=\"\" data-image-caption=\"\" data-medium-file=\"https:\/\/okolisnifestival.zelena-akcija.hr\/wp-content\/uploads\/2019\/05\/true_pressstill1-300x169.jpg\" data-large-file=\"https:\/\/okolisnifestival.zelena-akcija.hr\/wp-content\/uploads\/2019\/05\/true_pressstill1-1024x576.jpg\" src=\"https:\/\/okolisnifestival.zelena-akcija.hr\/wp-content\/uploads\/2019\/05\/true_pressstill1-300x169.jpg\" alt=\"\" class=\"size-medium wp-image-397 aligncenter\" width=\"300\" height=\"169\" srcset=\"https:\/\/okolisnifestival.zelena-akcija.hr\/wp-content\/uploads\/2019\/05\/true_pressstill1-300x169.jpg 300w, https:\/\/okolisnifestival.zelena-akcija.hr\/wp-content\/uploads\/2019\/05\/true_pressstill1-768x432.jpg 768w, https:\/\/okolisnifestival.zelena-akcija.hr\/wp-content\/uploads\/2019\/05\/true_pressstill1-1024x576.jpg 1024w\" sizes=\"(max-width: 300px) 100vw, 300px\" \/><\/a><\/p><p style=\"text-align: center;\"><strong>18:45 &#8211; 20:20 \/ Kino Europa<br \/><\/strong><span style=\"color: #8b4185;\"><strong>Blok filmova: <br \/><\/strong><strong>Korp. \/ Corp. 7&#8242;<\/strong><\/span><\/p><p style=\"text-align: center;\"><strong>Pablo Polledri, 2016.<\/strong><\/p><p style=\"text-align: center;\">Kako se grade korporacije, kako se ra\u0111aju, rastu u multinacionalne, dijele, vjen\u010davaju, raskidaju i emocionalno ucjenjuju? \u201cTko tu koga\u201d, koje su unutarnje dinamike, vanjske politike, koga boli briga, a tko \u0107e nastradati? Kratka, jednobojna, precizna i urnebesno istinita, ova animirana poslastica savr\u0161en je uvod u film s kojim je u bloku (Koga je briga?), kao njegova satiri\u010dna protute\u017ea.<\/p><p style=\"text-align: center;\"><span style=\"color: #8b4185;\"><strong> Koga je briga? \/ Who cares?, 93&#8242;<\/strong><\/span><\/p><p style=\"text-align: center;\"><strong>Mara Mounr\u00e3o, 2014.<\/strong><\/p><p style=\"text-align: center;\">\u0160to je socijalno poduzetni\u0161tvo? Kakvu promjenu u dana\u0161njem svijetu stvaraju socijalni poduzetnici_ce? S kojim vrstama problema se susre\u0107u te kakve osobe trebaju biti se u tako ne\u0161to upustile? \u201cKoga je briga?\u201d odgovara upravo na pitanje koje postavlja. Nekolicina briljantnih osoba govore o na\u010dinu na koji su uspjeli osvijestiti razliku u dana\u0161njoj globalnoj dru\u0161tvenoj nejednakosti te kako su nadahnuli brojne ljude na stvaranju promjene. Sat i pol, pregr\u0161t dobrih i izvedivih ideja koje ne slu\u017ee samo stvaranju profita, nego nalaze pozitivna rje\u0161enja kako za lokalnu zajednicu tako i za dru\u0161tvo u globalu. \u010cista inspiracija!<\/p><p style=\"text-align: center;\"><b>20:20 &#8211; 21:00 \/ Kino Europa<br \/><\/b><span style=\"color: #45bf59;\"><b>Kru\u017eok: Dobar glas daleko se \u010duje!<\/b><\/span><\/p><p style=\"text-align: center;\"><span>Nakon filma &#8220;Koga je briga&#8221; pozivamo vas da ostanete na prijateljskom kru\u017eoku \u0161irenja vijesti o pozitivnim praksama u Hrvatskoj. Otkrili ste skriveni biser, maleni du\u0107an koji prodaje sve na rinfuzu, bez plasti\u010dne ambala\u017ee, dizajnere koji koriste odr\u017eive reciklirane materijale, restoran koji ne napla\u0107uje potrebitima, ljude koji stvaraju promjenu, a da pritom ni\u0161ta ne uni\u0161tavaju? Podr\u017eite ih, podijelite vijest s nama, pro\u0161irite rije\u010d o njima i otkrijte jo\u0161 takvih svijetlih primjera od drugih! Do\u0111ite s pripremljenim primjerima i zapi\u0161ite si nove. Okrenimo se zajedno alternativnim opcijama!<\/span><\/p><\/div>\n\t\t\t\t\t\t\t\t\t<div class=\"elementor-tab-title elementor-tab-mobile-title\" aria-selected=\"false\" data-tab=\"3\" role=\"tab\" tabindex=\"-1\" aria-controls=\"elementor-tab-content-3543\" aria-expanded=\"false\">Sunday, May 26th 2019<\/div>\n\t\t\t\t\t<div id=\"elementor-tab-content-3543\" class=\"elementor-tab-content elementor-clearfix\" data-tab=\"3\" role=\"tabpanel\" aria-labelledby=\"elementor-tab-title-3543\" tabindex=\"0\" hidden=\"hidden\"><p style=\"text-align: center;\"><b>11:00 &#8211; 12:30 \/ Zelena akcija<br \/><\/b><b><span style=\"color: #6f438c;\"><span style=\"color: #8b418c;\">Od malih nogu &#8211; filmski program za djecu<\/span><br \/><span style=\"color: #8b418c;\">U suradnji sa SEFF &#8211; Smaragdnim Eco Film<\/span> Festivalom<\/span> <\/b><\/p><p style=\"text-align: center;\"><span>Nikad nije prerano za usvojiti po\u0161tovanje prema svijetu kojeg smo dio. To ne mora biti u obliku lekcije ili teorije, najbolje je kad do\u0111e samo od sebe, putem slika, zvuka, boja i u razgovoru s drugima. Po prvi put na Okoli\u0161nom filmskom festivalu pripremili smo ne\u0161to i za najmla\u0111e, 5 kratkih poslastica za djecu ni\u017eih razreda osnovne \u0161kole u ukupnom trajanju ispod 20 minuta (da ih ne zagnjavimo previ\u0161e) Nakon svake od njih, ukratko \u0107emo porazgovarati o dojmovima i svatko \u0107e mo\u0107i do\u0107i do izra\u017eaja i podijeliti svoje mi\u0161ljenje. <\/span><\/p><p style=\"text-align: center;\"><span>Do\u0111ite sa svojim najmla\u0111ima, sjednite na meki tepih, pogledajte, prodiskutirajte, a poslije na ru\u010dak ili u prirodu. Ili oboje.<\/span><\/p><p style=\"text-align: center;\"><span>Filmove iz ove sekcije ljubazno nam je ustupio <\/span><span style=\"text-decoration: underline;\">SEFF &#8211; Smaragdni Eco Film Festival<\/span>, koji ve\u0107 vi\u0161e od 10 godina marljivo pedalama \u0161iri ekolo\u0161ke ideje ruralnom Hrvatskom.<\/p><p style=\"text-align: center;\"><strong>12:30 &#8211; 14:30 \/ Zelena akcija<br \/><\/strong><span style=\"color: #8b418c;\"><strong>Mladi kreativci i kreativke: predstavljanje u\u010deni\u010dkih radova<\/strong><\/span><\/p><p style=\"text-align: center;\">U sklopu Okoli\u0161nog filmskog festivala predstavit \u0107emo na\u0161e budu\u0107e suorganizatore_ice iz 3 \u0161kole s podru\u010dja Zagreba i Zaboka (Klasi\u010dne gimnazije, \u0160kole primijenjene umjetnosti i dizajna i \u0160kole za umjetnost, dizajn, grafiku i odje\u0107u Zabok). Prikazat \u0107emo izbor njihovih radova i nagra\u0111ivanih ostvarenja, dokumentarnih, igranih i eksperimentalnih filmova i kreativnih dizajnerskih rje\u0161enja, na \u0161irok spektar tema. Do\u0111ite vidjeti kako se kreativno izra\u017eavaju umovi budu\u0107nosti. <br \/><a href=\"https:\/\/okolisnifestival.zelena-akcija.hr\/en\/mladi-kreativci-i-kreativke-predstavljanje-ucenickih-radova\/\" target=\"_blank\" rel=\"noopener\">Vi\u0161e detalja na sljede\u0107oj poveznici.<\/a><\/p><p style=\"text-align: center;\"><b>14:30 &#8211; 16:50 \/ Zelena akcija<br \/><\/b><b><span style=\"color: #ff9900;\">Radionica izrade aktivisti\u010dkog bubnja<\/span><\/b><\/p><p style=\"text-align: center;\"><span>Stare automobilske gume pronalaze svoju primjenu u mnogim kreativnim projektima poput gredica za cvije\u0107e ili ljulja\u010dki, a evo i jedne nove\u2026 Udahnite novi \u017eivot u \u0107elavu staricu, poka\u017eite svoju kreativnost i izradite mo\u0107an taiko bubanj, savladajte energi\u010dne ritmove koji pokre\u0107u mase i krenite u nove aktivisti\u010dke pobjede. I ne, ne\u0107ete trebati dopeljati svoju gumu, sve \u0107e biti spremno!<\/span><\/p><p style=\"text-align: center;\"><span>Kako bismo znali s koliko ljudi ra\u010dunamo (nije isto raditi s 5 i s 25 ljudi, a treba i osigurati materijale :)), molimo vas da se prijavite na radionicu <a href=\"https:\/\/forms.gle\/qcukZqxVXEKBxbkE6\" target=\"_blank\" rel=\"noopener\">putem jednostavnog obrasca.<\/a> Veselimo vam se!<\/span><\/p><p style=\"text-align: center;\"><strong>17:00 &#8211; 18:15 \/ Kino Europa<br \/><\/strong><strong><span style=\"color: #8b438c;\">Vrijeme za bicikliranje \/ Pedalling and Paddling, 76&#8242;<\/span><br \/><\/strong><\/p><p style=\"text-align: center;\"><strong><\/strong><strong>Lauren Walker, 2017.<\/strong><\/p><p style=\"text-align: center;\">Svakodnevno \u010dujemo o poplavama i prirodnim katastrofama na drugom kraju svijeta, u dalekim i siroma\u0161nim zemljama, no tek kada klimatske promjene pokucaju na na\u0161a vrata dolazi do promjene svijesti o postojanju tog problema. Istovremeno, o tom se problemu raspravlja na globalnoj razini, ali najglasniji u toj diskusiji nisu pogo\u0111ene zajednice, ve\u0107 naftni lobiji. Ova osobna aktivisti\u010dka pri\u010da pokazat \u0107e po\u017ertvovnost u borbi protiv klimatskih promjena, ali i razo\u010daranje nedostatkom iste na klimatskim pregovorima vlada u Parizu 2015 godine. Poruka je jasna: vrijeme je za djelovanje, vrijeme za bicikliranje!<\/p><p style=\"text-align: center;\"><strong>18:30 &#8211; 20:15 \/ Kino Europa<br \/><\/strong><span style=\"color: #6f438c;\"><strong><span style=\"color: #8b418c;\">Ponosna zelena vatra \/ A Fierce Green Fire, 101<\/span>&#8216;<\/strong><\/span><\/p><p style=\"text-align: center;\"><strong>Mark Kitchell, 2012.<\/strong><\/p><p style=\"text-align: center;\">Kada biste upitali slu\u010dajne prolaznike na svjetskim ulicama koje su im prve asocijacije na eko-aktiviste, velika je vjerojatnost da bi mnogi rekli \u201cOni \u0161to spa\u0161avaju kitove\u201d (\u201cSave the whales!\u201d) ili \u201cMa, oni koji grle drve\u0107e\u201d (\u201ctreehuggers\u201d). Kako su se te predod\u017ebe ustalile i \u0161to govore o etapama razvoja okoli\u0161nog pokreta? Sastavljen gotovo isklju\u010divo od arhivskih snimki akcija, prosvjeda i klju\u010dnih trenutaka \u201cPonosna zelena vatra\u201d sistemati\u010dno nas uvodi u povijest okoli\u0161nog pokreta, razdvajaju\u0107i ga na \u010detiri velike etape, od kojih se svaka suo\u010davala s novim izazovima i na druga\u010diji na\u010din doprinosila glavnoj ideji: ljubavi prema prirodi i okoli\u0161u. Topao, a sistemati\u010dan, film slu\u017ei kao enciklopedijski podsjetnik na trud, ideale i zalaganje pro\u0161lih generacija, kao i nepresu\u0161na inspiracija za one budu\u0107e.<\/p><p style=\"text-align: center;\"><a href=\"https:\/\/okolisnifestival.zelena-akcija.hr\/wp-content\/uploads\/2019\/05\/fgf_pressstill4.jpg\"><img loading=\"lazy\" decoding=\"async\" data-attachment-id=\"398\" data-permalink=\"https:\/\/okolisnifestival.zelena-akcija.hr\/en\/paul-watson-and-robert-hunter\/\" data-orig-file=\"https:\/\/okolisnifestival.zelena-akcija.hr\/wp-content\/uploads\/2019\/05\/fgf_pressstill4.jpg\" data-orig-size=\"1400,2100\" data-comments-opened=\"1\" data-image-meta=\"{&quot;aperture&quot;:&quot;0&quot;,&quot;credit&quot;:&quot;\\u00a9 Greenpeace \\\/ Patrick Moore&quot;,&quot;camera&quot;:&quot;&quot;,&quot;caption&quot;:&quot;Paul watson (left) and Robert Hunter block patch Arctic Endeavour during the first Seal campaign.  (Greenpeace Witness book page 151 similar)    (The Greenpeace story book page 48)&quot;,&quot;created_timestamp&quot;:&quot;196041600&quot;,&quot;copyright&quot;:&quot;\\u00a9 Greenpeace \\\/ Patrick Moore\\r\\rPHOTOGRAPH TO BE USED SOLELY FOR ADVERTISING, PROMOTION, PUBLICITY OR REVIEWS OF THIS SPECIFIC MO&quot;,&quot;focal_length&quot;:&quot;0&quot;,&quot;iso&quot;:&quot;0&quot;,&quot;shutter_speed&quot;:&quot;0&quot;,&quot;title&quot;:&quot;Paul Watson and Robert Hunter&quot;,&quot;orientation&quot;:&quot;1&quot;}\" data-image-title=\"Paul Watson and Robert Hunter\" data-image-description=\"\" data-image-caption=\"\" data-medium-file=\"https:\/\/okolisnifestival.zelena-akcija.hr\/wp-content\/uploads\/2019\/05\/fgf_pressstill4-200x300.jpg\" data-large-file=\"https:\/\/okolisnifestival.zelena-akcija.hr\/wp-content\/uploads\/2019\/05\/fgf_pressstill4-683x1024.jpg\" src=\"https:\/\/okolisnifestival.zelena-akcija.hr\/wp-content\/uploads\/2019\/05\/fgf_pressstill4-200x300.jpg\" alt=\"\" class=\"aligncenter size-medium wp-image-398\" width=\"200\" height=\"300\" srcset=\"https:\/\/okolisnifestival.zelena-akcija.hr\/wp-content\/uploads\/2019\/05\/fgf_pressstill4-200x300.jpg 200w, https:\/\/okolisnifestival.zelena-akcija.hr\/wp-content\/uploads\/2019\/05\/fgf_pressstill4-768x1152.jpg 768w, https:\/\/okolisnifestival.zelena-akcija.hr\/wp-content\/uploads\/2019\/05\/fgf_pressstill4-683x1024.jpg 683w, https:\/\/okolisnifestival.zelena-akcija.hr\/wp-content\/uploads\/2019\/05\/fgf_pressstill4.jpg 1400w\" sizes=\"(max-width: 200px) 100vw, 200px\" \/><\/a><\/p><p style=\"text-align: center;\"><strong>20:30 &#8211; 21:30 \/ Kino Europa<br \/><\/strong><span style=\"color: #45bf59;\"><strong>Tribina: <\/strong><strong>Na rubu zakona &#8211; gra\u0111anski neposluh kao otpor sustavu<\/strong><\/span><\/p><p style=\"text-align: center;\">Kad svi sustavni mehanizmi za\u0161tite zaka\u017eu i ne vode promjeni, jedino \u0161to preostaje jest druga\u010dija vrsta otpora. Gra\u0111anski neposluh ima dugu povijest i uvijek je prisutan u trenucima kada se \u010dini da ni\u0161ta drugo ne preostaje. Takva je i sada\u0161nja situacija, kada \u0107e velik dio svijeta prema predvi\u0111anjima unutar dva desetlje\u0107a osjetiti posljedice klimatskog kolapsa. Iz tog razloga, u\u010denici izlaze iz \u0161kolskih klupa, dok drugi uzurpiraju \u201cbusiness as usual\u201d stav, znaju\u0107i da \u0107e mo\u017eda zbog toga zavr\u0161iti u pritvoru. Na tribini \u0107emo porazgovarati o nekoliko primjera takvih inicijativa, o <em>Fridays for Future<\/em>, o <em>Extinction Rebellionu<\/em> i o <em>Ende Gel\u00e4nde<\/em>, iz vlastitih iskustava aktivistkinja i aktivista koji su se svjesno odlu\u010dili na takvu vrstu otpora sustavu. <br \/>Vi\u0161e detalja uskoro, pratite nas!<\/p><p style=\"text-align: center;\"><strong>21:30 &#8211; 22:00 \/ Kino Europa <br \/><\/strong><strong><span style=\"color: #8b438c;\">Izlazak Zemlje \/ Earthrise, 29\u2019<\/span><br \/><\/strong><\/p><p style=\"text-align: center;\"><strong><\/strong><span><strong>Emmanuel Vaughan-Lee, 2018.<\/strong> <br \/><\/span><\/p><p style=\"text-align: center;\"><span>\u201cIzlazak Zemlje\u201d, prva fotografija Zemlje iz Svemira iz 1968. godine dio je op\u0107e kulture i svi smo je vjerojatno vidjeli, no znamo li kako je nastala i kako je utjecala na razvoj nove svijesti? Redatelj Emmanuel Vaughan-Lee razgovarao je s \u010dlanovima posade Apollo 8, koja je ostala u kolektivnom pam\u0107enju ne toliko radi svoje misije, koliko radi ove fotografije. Za kraj ovogodi\u0161njeg festivala, ulazimo u misli i osje\u0107aje koje su se izrodili tijekom ove povijesne misije te po\u010dinjemo uvi\u0111ati \u0161to je ova slika zna\u010dila za same astronaute, ali i za cijeli svijet.<\/span><\/p><\/div>\n\t\t\t\t\t\t\t\t\t<div class=\"elementor-tab-title elementor-tab-mobile-title\" aria-selected=\"false\" data-tab=\"4\" role=\"tab\" tabindex=\"-1\" aria-controls=\"elementor-tab-content-3544\" aria-expanded=\"false\">Bonus sadr\u017eaji<\/div>\n\t\t\t\t\t<div id=\"elementor-tab-content-3544\" class=\"elementor-tab-content elementor-clearfix\" data-tab=\"4\" role=\"tabpanel\" aria-labelledby=\"elementor-tab-title-3544\" tabindex=\"0\" hidden=\"hidden\"><p style=\"text-align: center;\"><span style=\"color: #19b000;\"><strong>23. svibnja \/ Zelena akcija<br \/><\/strong><strong>18:30 &#8211; 20:00<\/strong><\/span><\/p><p style=\"text-align: center;\"><span style=\"color: #19b000;\"><strong>Diskusija &#8220;EU i okoli\u0161 &#8211; \u010demu glasanje na izborima?&#8221; <\/strong><\/span><\/p><p style=\"text-align: center;\">Europsku direktivu o zabrani jednokratnih plasti\u010dnih proizvoda, izglasao je Europski parlament, a dr\u017eave \u010dlanice du\u017ene su je provesti do 2021. godine. To uklju\u010duje i Hrvatsku.<br \/>Ususret 6. Okoli\u0161nom filmskom festivalu (24. &#8211; 26. svibnja) i izborima za Europski parlament (26. svibnja) \u017eelimo te dvije stavke, okoli\u0161 i EU, dovesti u vezu. \u017delimo razjasniti za\u0161to je bitno informirano i odgovorno glasati u nedjelju te na koji na\u010din se zakoni koji se donesu na EU razini reflektiraju na nacionalno zakonodavstvo i ure\u0111uju na\u0161e politike o\u010duvanja okoli\u0161a.<\/p><p style=\"text-align: center;\">Europski izbori iznimno su bitan demokratski trenutak, jer gra\u0111ani i gra\u0111anke sami izravno biraju (\u0161to nemaju pravo u drugim tijelima EU), zastupnike i zastupnice koje \u0107e sljede\u0107ih pet godina krojiti zajedni\u010dku politiku EU prema nizu va\u017enih pitanja, kao na primjer okoli\u0161u i ljudskim pravima. Nakon kra\u0107eg izlaganja o osnovama EU institucija, na koji na\u010din se dijele i koje su im ovlasti, saznat \u0107emo kako se EU direktive implementiraju na nacionalnoj razini i \u0161to nam one donose. Za kraj, upoznat \u0107emo se pobli\u017ee sa \u201cDeklaracijom za odr\u017eivu Europu\u201d, zahtjevima prema budu\u0107im europarlamentarcima koje je zajedni\u010dki donio Zeleni forum, mre\u017ea udruga za za\u0161titu okoli\u0161a Hrvatske. Koja su klju\u010dna okoli\u0161na pitanja koja EU treba prioritizirati sljede\u0107em mandatu parlamenta, ali i ubudu\u0107e? Promi\u0161ljajmo zajedno kakvu Europu \u017eelimo jer \u0107emo, naposljetku, u njoj i \u017eivjeti.<\/p><p style=\"text-align: center;\"><a href=\"https:\/\/www.youtube.com\/watch?v=scqJK1ZCskM\" target=\"_blank\" rel=\"noopener\">Pogledajte i kratku animaciju na tu temu.<\/a><\/p><p style=\"text-align: center;\"><a href=\"https:\/\/okolisnifestival.zelena-akcija.hr\/wp-content\/uploads\/2019\/05\/eurparlement.png\"><img loading=\"lazy\" decoding=\"async\" data-attachment-id=\"538\" data-permalink=\"https:\/\/okolisnifestival.zelena-akcija.hr\/en\/eurparlement\/\" data-orig-file=\"https:\/\/okolisnifestival.zelena-akcija.hr\/wp-content\/uploads\/2019\/05\/eurparlement.png\" data-orig-size=\"1361,763\" data-comments-opened=\"0\" data-image-meta=\"{&quot;aperture&quot;:&quot;0&quot;,&quot;credit&quot;:&quot;&quot;,&quot;camera&quot;:&quot;&quot;,&quot;caption&quot;:&quot;&quot;,&quot;created_timestamp&quot;:&quot;0&quot;,&quot;copyright&quot;:&quot;&quot;,&quot;focal_length&quot;:&quot;0&quot;,&quot;iso&quot;:&quot;0&quot;,&quot;shutter_speed&quot;:&quot;0&quot;,&quot;title&quot;:&quot;&quot;,&quot;orientation&quot;:&quot;0&quot;}\" data-image-title=\"eurparlement\" data-image-description=\"\" data-image-caption=\"\" data-medium-file=\"https:\/\/okolisnifestival.zelena-akcija.hr\/wp-content\/uploads\/2019\/05\/eurparlement-300x168.png\" data-large-file=\"https:\/\/okolisnifestival.zelena-akcija.hr\/wp-content\/uploads\/2019\/05\/eurparlement-1024x574.png\" src=\"https:\/\/okolisnifestival.zelena-akcija.hr\/wp-content\/uploads\/2019\/05\/eurparlement-300x168.png\" alt=\"\" class=\"aligncenter size-medium wp-image-538\" width=\"300\" height=\"168\" srcset=\"https:\/\/okolisnifestival.zelena-akcija.hr\/wp-content\/uploads\/2019\/05\/eurparlement-300x168.png 300w, https:\/\/okolisnifestival.zelena-akcija.hr\/wp-content\/uploads\/2019\/05\/eurparlement-768x431.png 768w, https:\/\/okolisnifestival.zelena-akcija.hr\/wp-content\/uploads\/2019\/05\/eurparlement-1024x574.png 1024w, https:\/\/okolisnifestival.zelena-akcija.hr\/wp-content\/uploads\/2019\/05\/eurparlement.png 1361w\" sizes=\"(max-width: 300px) 100vw, 300px\" \/><\/a>Vidimo se u 18:30 u Zelenoj akciji!<\/p><p style=\"text-align: center;\">Ovaj doga\u0111aj organizira se u sklopu projekta &#8220;Future of Europe&#8221; koji Zelena akcija provodi u partnerstvu s Friends of the Earth Europe.<\/p><p style=\"text-align: center;\">_________________<\/p><p style=\"text-align: center;\"><span style=\"color: #19b000;\"><strong>Ormari\u0107 razmjene <\/strong><\/span><\/p><p style=\"text-align: center;\">U sklopu festivala u prostorijama Kina Europe i Zelene akcije postavit \u0107e se ORMARI\u0106 koji \u0107e biti mjesto RAZMJENE korisnih dobara.<span>\u00a0<\/span><br \/>Prona\u0111ite doma korisnu i upotrebljivu stvar koju vi\u0161e ne koristite, a mogla bi nekome poslu\u017eiti. Donesite ju i ostavite u ormari\u0107u. Ako pritom vidite ne\u0161to \u0161to vama treba, slobodno uzmite!<\/p><div class=\"text_exposed_show\" style=\"text-align: center;\"><p>* Uvjet za uzimanje nije davanje i obrnuto! *<\/p><p>Na\u0161e sugestije:<br \/>knjige<br \/>stripovi<br \/>plo\u010de<br \/>dru\u0161tvene igre<br \/>odje\u0107a i obu\u0107a<br \/>nakit<br \/>ku\u0107anske potrep\u0161tine<br \/>svjetiljke<br \/>uredski pribor<br \/>pumpe za bicikl<br \/>naljepnice \/ bed\u017eevi<br \/>biljno sjeme<br \/>ostalo<\/p><p>PS: Nemojte donositi stvari s bakinog tavana, neka stvari budu korisne, upotrebljive i lako prenosive.<\/p><p>Ne stvarajmo sme\u0107e, ostvarujmo razmjene!<\/p><p>__________________<\/p><\/div><p style=\"text-align: center;\"><span style=\"color: #19b000;\"><strong>18. svibnja \/ Park Maksimir<\/strong><\/span><br \/><span style=\"color: #19b000;\"><strong>14:30 &#8211; 18:30<\/strong><\/span><\/p><p style=\"text-align: center;\"><span style=\"color: #19b000;\"><strong>Ni\u0161ta para, puno muzike: Eko-okoli\u0161anje u Maksimiru<\/strong><\/span><\/p><p style=\"text-align: center;\">Ususret ovogodi\u0161njem festivalu, ali i europskim izborima, pozivamo vas da nam se pridru\u017eite 18. svibnja na popodnevnom dru\u017eenju u parku Maksimir uz eko-kviz, hranu, glazbu, sport i, gle \u010duda, sve besplatno!<\/p><p style=\"text-align: center;\">U\u017eivajte bez gri\u017enje savjesti u ovom eko-klo\u0161arenju jer ne\u0107emo ostaviti trag niti proizvesti otpad, a pritom \u0107emo se zabaviti, a mo\u017eda ne\u0161to i nau\u010diti. <br \/>\u0160to nudimo: dekice na travi, pregr\u0161t dru\u0161tvenih i sportskih igara (badminton, stolni tenis, frizbi, slack&#8230;), groovy zvukove DJ Sergia, besplatne vege zalogaje i zabavni eko-kviz s cijelim slijedom genijalnih nagrada.<\/p><p style=\"text-align: center;\">Eko-kviz je u sredi\u0161tu ovog doga\u0111aja jer \u017eelimo educirati, a istovremeno \u017eelimo podijeliti fantasti\u010dne nagrade na\u0161ih suradnika i suradnica, koje se ili:<br \/>a) ti\u010du tema okoli\u0161a i ljudskih prava <br \/>b) su redom izvanredni primjeri dru\u0161tveno odgovornih i lokalnih inicijativa i inspiriraju samim postojanjem, <br \/>c) ili su jednostavno zabavne.<\/p><p style=\"text-align: center;\"><span>To su redom:<\/span> <br \/>2 x six-pack craft piva Plavu\u0161a, Neposlu\u0161na i \u0160purija (by Zadru\u017ena pivovara Brlog)<br \/>Bon za ru\u010dak ili ve\u010deru za dvoje u veganskom restoranu Vegehop<br \/>2 x bon od 50 kn (by Vegehop)<br \/>\u201cStra\u0161ne \u017eene\u201d dru\u0161tvena igra (by K-zona i Vox Feminae)<br \/>Poklon bon od 200 kn u du\u0107anu Humana Nova (cca 5 kila odje\u0107e)<br \/>4 Freewa staklene boce od recikliranog materijala (by Goran Ladi\u0161i\u0107)<br \/>2 knjige Povijest P\u010dela (by Naklada Ljevak)<br \/>Besplatni Escape Room za 5 osoba (by ExitGames Escape Room)<br \/>3 knjige 1*C Rising &#8211; Stories from the Front Lines of Climate Change (by Luka Tomac)<br \/>i sve zapakirano u Homo Climaticum platnenim vre\u0107icama (by Zelena akcija)<\/p><p style=\"text-align: center;\">Nagrade su podijeljene u tri paketa i kao tim \u0107ete imati priliku osvojiti jedan, dva ili sva tri, ovisno o va\u0161em znanju o biolo\u0161kim, dru\u0161tveno-politi\u010dkim i pop-kulturnim \u010dinjenicama vezanim uz okoli\u0161. Stoga, <strong>prijavi svoj tim (od 2 &#8211; 5 osoba) <\/strong><a href=\"https:\/\/forms.gle\/8u96sNZD8oBmbLEYA\" target=\"_blank\" rel=\"noopener\">putem obrasca<\/a><strong>, oboru\u017eajte se znanjem i dobrom voljom i dru\u017eimo se u Maksimiru!<\/strong><\/p><p style=\"text-align: center;\">Ususret europskim izborima, pro\u010ditajte i na\u0161u <a href=\"https:\/\/s3-eu-west-1.amazonaws.com\/zelena-akcija.production\/zelena_akcija\/document_translations\/1177\/doc_files\/original\/Zeleni_forum_Deklaracija_za_odrzivu_Europu_za_sve_njene_gradane_i_gradanke.pdf?1555419269\" target=\"_blank\" rel=\"noopener\">\u201cDeklaraciju za odr\u017eivu Europu\u201d upu\u0107enu kandidatima!<\/a><\/p><p style=\"text-align: center;\"><a href=\"https:\/\/okolisnifestival.zelena-akcija.hr\/wp-content\/uploads\/2019\/05\/FB-cover-eko-okoli\u0161anje-u-Maksimiru.jpg\"><img loading=\"lazy\" decoding=\"async\" data-attachment-id=\"441\" data-permalink=\"https:\/\/okolisnifestival.zelena-akcija.hr\/en\/fb-cover-eko-okolisanje-u-maksimiru\/\" data-orig-file=\"https:\/\/okolisnifestival.zelena-akcija.hr\/wp-content\/uploads\/2019\/05\/FB-cover-eko-okoli\u0161anje-u-Maksimiru.jpg\" data-orig-size=\"2590,984\" data-comments-opened=\"1\" data-image-meta=\"{&quot;aperture&quot;:&quot;0&quot;,&quot;credit&quot;:&quot;&quot;,&quot;camera&quot;:&quot;&quot;,&quot;caption&quot;:&quot;&quot;,&quot;created_timestamp&quot;:&quot;0&quot;,&quot;copyright&quot;:&quot;&quot;,&quot;focal_length&quot;:&quot;0&quot;,&quot;iso&quot;:&quot;0&quot;,&quot;shutter_speed&quot;:&quot;0&quot;,&quot;title&quot;:&quot;&quot;,&quot;orientation&quot;:&quot;1&quot;}\" data-image-title=\"FB cover eko-okoli\u0161anje u Maksimiru\" data-image-description=\"\" data-image-caption=\"\" data-medium-file=\"https:\/\/okolisnifestival.zelena-akcija.hr\/wp-content\/uploads\/2019\/05\/FB-cover-eko-okoli\u0161anje-u-Maksimiru-300x114.jpg\" data-large-file=\"https:\/\/okolisnifestival.zelena-akcija.hr\/wp-content\/uploads\/2019\/05\/FB-cover-eko-okoli\u0161anje-u-Maksimiru-1024x389.jpg\" src=\"https:\/\/okolisnifestival.zelena-akcija.hr\/wp-content\/uploads\/2019\/05\/FB-cover-eko-okoli\u0161anje-u-Maksimiru-1024x389.jpg\" alt=\"\" class=\"aligncenter size-large wp-image-441\" width=\"750\" height=\"285\" srcset=\"https:\/\/okolisnifestival.zelena-akcija.hr\/wp-content\/uploads\/2019\/05\/FB-cover-eko-okoli\u0161anje-u-Maksimiru-1024x389.jpg 1024w, https:\/\/okolisnifestival.zelena-akcija.hr\/wp-content\/uploads\/2019\/05\/FB-cover-eko-okoli\u0161anje-u-Maksimiru-300x114.jpg 300w, https:\/\/okolisnifestival.zelena-akcija.hr\/wp-content\/uploads\/2019\/05\/FB-cover-eko-okoli\u0161anje-u-Maksimiru-768x292.jpg 768w\" sizes=\"(max-width: 750px) 100vw, 750px\" \/><\/a><br \/>Ovaj doga\u0111aj organizira se u sklopu projekta &#8220;Future of Europe&#8221; koji Zelena akcija provodi u partnerstvu s Friends of the Earth Europe.<\/p><\/div>\n\t\t\t\t\t\t\t<\/div>\n\t\t<\/div>\n\t\t\t\t\t\t<\/div>\n\t\t\t\t<\/div>\n\t\t\t\t\t<\/div>\n\t\t<\/div>\n\t\t\t\t\t<\/div>\n\t\t<\/section>\n\t\t\t\t<\/div>","protected":false},"excerpt":{"rendered":"<p>Program festivala Za detaljan opis programa po danima skrolaj dolje :) Petak, 24. svibnja 2019. Subota, 25. svibnja 2019. Nedjelja, 26. svibnja 2019. Bonus sadr\u017eaji Petak, 24. svibnja 2019. 17:00 &#8211; 17:40 \/ Kino EuropaPriroda: Sva prava pridr\u017eana \/ Nature: all rights reserved, 23&#8216; Sebastian Mulder, 2016. \u201cMoje su plasti\u010dne [&hellip;]<\/p>\n","protected":false},"author":1,"featured_media":0,"parent":0,"menu_order":0,"comment_status":"closed","ping_status":"closed","template":"page-templates\/template-pagebuilder-full-width.php","meta":{"jetpack_post_was_ever_published":false,"footnotes":""},"class_list":["post-36","page","type-page","status-publish","hentry"],"yoast_head":"<!-- This site is optimized with the Yoast SEO plugin v24.8 - https:\/\/yoast.com\/wordpress\/plugins\/seo\/ -->\n<title>Program festivala 2019. - Okoli&scaron;ni filmski festival<\/title>\n<meta name=\"robots\" content=\"index, follow, max-snippet:-1, max-image-preview:large, max-video-preview:-1\" \/>\n<link rel=\"canonical\" href=\"https:\/\/okolisnifestival.zelena-akcija.hr\/en\/program-festivala-2019\/\" \/>\n<meta property=\"og:locale\" content=\"en_GB\" \/>\n<meta property=\"og:type\" content=\"article\" \/>\n<meta property=\"og:title\" content=\"Program festivala 2019. - Okoli&scaron;ni filmski festival\" \/>\n<meta property=\"og:description\" content=\"Program festivala Za detaljan opis programa po danima skrolaj dolje :) Petak, 24. svibnja 2019. Subota, 25. svibnja 2019. Nedjelja, 26. svibnja 2019. Bonus sadr\u017eaji Petak, 24. svibnja 2019. 17:00 &#8211; 17:40 \/ Kino EuropaPriroda: Sva prava pridr\u017eana \/ Nature: all rights reserved, 23&#8216; Sebastian Mulder, 2016. \u201cMoje su plasti\u010dne [&hellip;]\" \/>\n<meta property=\"og:url\" content=\"https:\/\/okolisnifestival.zelena-akcija.hr\/en\/program-festivala-2019\/\" \/>\n<meta property=\"og:site_name\" content=\"Okoli&scaron;ni filmski festival\" \/>\n<meta property=\"article:publisher\" content=\"https:\/\/www.facebook.com\/efest\/\" \/>\n<meta property=\"article:modified_time\" content=\"2020-08-24T09:47:14+00:00\" \/>\n<meta property=\"og:image\" content=\"https:\/\/okolisnifestival.zelena-akcija.hr\/wp-content\/uploads\/2019\/05\/PROGRAM-1-1024x724.jpg\" \/>\n<meta name=\"twitter:card\" content=\"summary_large_image\" \/>\n<meta name=\"twitter:label1\" content=\"Estimated reading time\" \/>\n\t<meta name=\"twitter:data1\" content=\"14 minutes\" \/>\n<script type=\"application\/ld+json\" class=\"yoast-schema-graph\">{\"@context\":\"https:\/\/schema.org\",\"@graph\":[{\"@type\":\"WebPage\",\"@id\":\"https:\/\/okolisnifestival.zelena-akcija.hr\/program-festivala-2019\/\",\"url\":\"https:\/\/okolisnifestival.zelena-akcija.hr\/program-festivala-2019\/\",\"name\":\"Program festivala 2019. - Okoli&scaron;ni filmski festival\",\"isPartOf\":{\"@id\":\"https:\/\/okolisnifestival.zelena-akcija.hr\/en\/#website\"},\"primaryImageOfPage\":{\"@id\":\"https:\/\/okolisnifestival.zelena-akcija.hr\/program-festivala-2019\/#primaryimage\"},\"image\":{\"@id\":\"https:\/\/okolisnifestival.zelena-akcija.hr\/program-festivala-2019\/#primaryimage\"},\"thumbnailUrl\":\"https:\/\/okolisnifestival.zelena-akcija.hr\/wp-content\/uploads\/2019\/05\/PROGRAM-1-1024x724.jpg\",\"datePublished\":\"2019-01-26T14:13:16+00:00\",\"dateModified\":\"2020-08-24T09:47:14+00:00\",\"breadcrumb\":{\"@id\":\"https:\/\/okolisnifestival.zelena-akcija.hr\/program-festivala-2019\/#breadcrumb\"},\"inLanguage\":\"en-GB\",\"potentialAction\":[{\"@type\":\"ReadAction\",\"target\":[\"https:\/\/okolisnifestival.zelena-akcija.hr\/program-festivala-2019\/\"]}]},{\"@type\":\"ImageObject\",\"inLanguage\":\"en-GB\",\"@id\":\"https:\/\/okolisnifestival.zelena-akcija.hr\/program-festivala-2019\/#primaryimage\",\"url\":\"https:\/\/okolisnifestival.zelena-akcija.hr\/wp-content\/uploads\/2019\/05\/PROGRAM-1-1024x724.jpg\",\"contentUrl\":\"https:\/\/okolisnifestival.zelena-akcija.hr\/wp-content\/uploads\/2019\/05\/PROGRAM-1-1024x724.jpg\"},{\"@type\":\"BreadcrumbList\",\"@id\":\"https:\/\/okolisnifestival.zelena-akcija.hr\/program-festivala-2019\/#breadcrumb\",\"itemListElement\":[{\"@type\":\"ListItem\",\"position\":1,\"name\":\"Home\",\"item\":\"https:\/\/okolisnifestival.zelena-akcija.hr\/\"},{\"@type\":\"ListItem\",\"position\":2,\"name\":\"Program festivala 2019.\"}]},{\"@type\":\"WebSite\",\"@id\":\"https:\/\/okolisnifestival.zelena-akcija.hr\/en\/#website\",\"url\":\"https:\/\/okolisnifestival.zelena-akcija.hr\/en\/\",\"name\":\"Okoli\u0161ni filmski festival\",\"description\":\"\",\"publisher\":{\"@id\":\"https:\/\/okolisnifestival.zelena-akcija.hr\/en\/#organization\"},\"potentialAction\":[{\"@type\":\"SearchAction\",\"target\":{\"@type\":\"EntryPoint\",\"urlTemplate\":\"https:\/\/okolisnifestival.zelena-akcija.hr\/en\/?s={search_term_string}\"},\"query-input\":{\"@type\":\"PropertyValueSpecification\",\"valueRequired\":true,\"valueName\":\"search_term_string\"}}],\"inLanguage\":\"en-GB\"},{\"@type\":\"Organization\",\"@id\":\"https:\/\/okolisnifestival.zelena-akcija.hr\/en\/#organization\",\"name\":\"Zelena akcija\",\"url\":\"https:\/\/okolisnifestival.zelena-akcija.hr\/en\/\",\"logo\":{\"@type\":\"ImageObject\",\"inLanguage\":\"en-GB\",\"@id\":\"https:\/\/okolisnifestival.zelena-akcija.hr\/en\/#\/schema\/logo\/image\/\",\"url\":\"https:\/\/i0.wp.com\/okolisnifestival.zelena-akcija.hr\/wp-content\/uploads\/2019\/03\/ZA-logo-rgb-white-veci.jpg?fit=2000%2C758&ssl=1\",\"contentUrl\":\"https:\/\/i0.wp.com\/okolisnifestival.zelena-akcija.hr\/wp-content\/uploads\/2019\/03\/ZA-logo-rgb-white-veci.jpg?fit=2000%2C758&ssl=1\",\"width\":2000,\"height\":758,\"caption\":\"Zelena akcija\"},\"image\":{\"@id\":\"https:\/\/okolisnifestival.zelena-akcija.hr\/en\/#\/schema\/logo\/image\/\"},\"sameAs\":[\"https:\/\/www.facebook.com\/efest\/\"]}]}<\/script>\n<!-- \/ Yoast SEO plugin. -->","yoast_head_json":{"title":"Program festivala 2019. - Okoli&scaron;ni filmski festival","robots":{"index":"index","follow":"follow","max-snippet":"max-snippet:-1","max-image-preview":"max-image-preview:large","max-video-preview":"max-video-preview:-1"},"canonical":"https:\/\/okolisnifestival.zelena-akcija.hr\/en\/program-festivala-2019\/","og_locale":"en_GB","og_type":"article","og_title":"Program festivala 2019. - Okoli&scaron;ni filmski festival","og_description":"Program festivala Za detaljan opis programa po danima skrolaj dolje :) Petak, 24. svibnja 2019. Subota, 25. svibnja 2019. Nedjelja, 26. svibnja 2019. Bonus sadr\u017eaji Petak, 24. svibnja 2019. 17:00 &#8211; 17:40 \/ Kino EuropaPriroda: Sva prava pridr\u017eana \/ Nature: all rights reserved, 23&#8216; Sebastian Mulder, 2016. \u201cMoje su plasti\u010dne [&hellip;]","og_url":"https:\/\/okolisnifestival.zelena-akcija.hr\/en\/program-festivala-2019\/","og_site_name":"Okoli&scaron;ni filmski festival","article_publisher":"https:\/\/www.facebook.com\/efest\/","article_modified_time":"2020-08-24T09:47:14+00:00","og_image":[{"url":"https:\/\/okolisnifestival.zelena-akcija.hr\/wp-content\/uploads\/2019\/05\/PROGRAM-1-1024x724.jpg","type":"","width":"","height":""}],"twitter_card":"summary_large_image","twitter_misc":{"Estimated reading time":"14 minutes"},"schema":{"@context":"https:\/\/schema.org","@graph":[{"@type":"WebPage","@id":"https:\/\/okolisnifestival.zelena-akcija.hr\/program-festivala-2019\/","url":"https:\/\/okolisnifestival.zelena-akcija.hr\/program-festivala-2019\/","name":"Program festivala 2019. - Okoli&scaron;ni filmski festival","isPartOf":{"@id":"https:\/\/okolisnifestival.zelena-akcija.hr\/en\/#website"},"primaryImageOfPage":{"@id":"https:\/\/okolisnifestival.zelena-akcija.hr\/program-festivala-2019\/#primaryimage"},"image":{"@id":"https:\/\/okolisnifestival.zelena-akcija.hr\/program-festivala-2019\/#primaryimage"},"thumbnailUrl":"https:\/\/okolisnifestival.zelena-akcija.hr\/wp-content\/uploads\/2019\/05\/PROGRAM-1-1024x724.jpg","datePublished":"2019-01-26T14:13:16+00:00","dateModified":"2020-08-24T09:47:14+00:00","breadcrumb":{"@id":"https:\/\/okolisnifestival.zelena-akcija.hr\/program-festivala-2019\/#breadcrumb"},"inLanguage":"en-GB","potentialAction":[{"@type":"ReadAction","target":["https:\/\/okolisnifestival.zelena-akcija.hr\/program-festivala-2019\/"]}]},{"@type":"ImageObject","inLanguage":"en-GB","@id":"https:\/\/okolisnifestival.zelena-akcija.hr\/program-festivala-2019\/#primaryimage","url":"https:\/\/okolisnifestival.zelena-akcija.hr\/wp-content\/uploads\/2019\/05\/PROGRAM-1-1024x724.jpg","contentUrl":"https:\/\/okolisnifestival.zelena-akcija.hr\/wp-content\/uploads\/2019\/05\/PROGRAM-1-1024x724.jpg"},{"@type":"BreadcrumbList","@id":"https:\/\/okolisnifestival.zelena-akcija.hr\/program-festivala-2019\/#breadcrumb","itemListElement":[{"@type":"ListItem","position":1,"name":"Home","item":"https:\/\/okolisnifestival.zelena-akcija.hr\/"},{"@type":"ListItem","position":2,"name":"Program festivala 2019."}]},{"@type":"WebSite","@id":"https:\/\/okolisnifestival.zelena-akcija.hr\/en\/#website","url":"https:\/\/okolisnifestival.zelena-akcija.hr\/en\/","name":"Environmental film festival","description":"","publisher":{"@id":"https:\/\/okolisnifestival.zelena-akcija.hr\/en\/#organization"},"potentialAction":[{"@type":"SearchAction","target":{"@type":"EntryPoint","urlTemplate":"https:\/\/okolisnifestival.zelena-akcija.hr\/en\/?s={search_term_string}"},"query-input":{"@type":"PropertyValueSpecification","valueRequired":true,"valueName":"search_term_string"}}],"inLanguage":"en-GB"},{"@type":"Organization","@id":"https:\/\/okolisnifestival.zelena-akcija.hr\/en\/#organization","name":"Zelena akcija","url":"https:\/\/okolisnifestival.zelena-akcija.hr\/en\/","logo":{"@type":"ImageObject","inLanguage":"en-GB","@id":"https:\/\/okolisnifestival.zelena-akcija.hr\/en\/#\/schema\/logo\/image\/","url":"https:\/\/i0.wp.com\/okolisnifestival.zelena-akcija.hr\/wp-content\/uploads\/2019\/03\/ZA-logo-rgb-white-veci.jpg?fit=2000%2C758&ssl=1","contentUrl":"https:\/\/i0.wp.com\/okolisnifestival.zelena-akcija.hr\/wp-content\/uploads\/2019\/03\/ZA-logo-rgb-white-veci.jpg?fit=2000%2C758&ssl=1","width":2000,"height":758,"caption":"Zelena akcija"},"image":{"@id":"https:\/\/okolisnifestival.zelena-akcija.hr\/en\/#\/schema\/logo\/image\/"},"sameAs":["https:\/\/www.facebook.com\/efest\/"]}]}},"jetpack_sharing_enabled":true,"jetpack_shortlink":"https:\/\/wp.me\/PaO4kI-A","jetpack-related-posts":[],"_links":{"self":[{"href":"https:\/\/okolisnifestival.zelena-akcija.hr\/en\/wp-json\/wp\/v2\/pages\/36","targetHints":{"allow":["GET"]}}],"collection":[{"href":"https:\/\/okolisnifestival.zelena-akcija.hr\/en\/wp-json\/wp\/v2\/pages"}],"about":[{"href":"https:\/\/okolisnifestival.zelena-akcija.hr\/en\/wp-json\/wp\/v2\/types\/page"}],"author":[{"embeddable":true,"href":"https:\/\/okolisnifestival.zelena-akcija.hr\/en\/wp-json\/wp\/v2\/users\/1"}],"replies":[{"embeddable":true,"href":"https:\/\/okolisnifestival.zelena-akcija.hr\/en\/wp-json\/wp\/v2\/comments?post=36"}],"version-history":[{"count":63,"href":"https:\/\/okolisnifestival.zelena-akcija.hr\/en\/wp-json\/wp\/v2\/pages\/36\/revisions"}],"predecessor-version":[{"id":750,"href":"https:\/\/okolisnifestival.zelena-akcija.hr\/en\/wp-json\/wp\/v2\/pages\/36\/revisions\/750"}],"wp:attachment":[{"href":"https:\/\/okolisnifestival.zelena-akcija.hr\/en\/wp-json\/wp\/v2\/media?parent=36"}],"curies":[{"name":"wp","href":"https:\/\/api.w.org\/{rel}","templated":true}]}}