{"id":71,"date":"2019-02-02T11:33:09","date_gmt":"2019-02-02T11:33:09","guid":{"rendered":"https:\/\/okolisnifestival.zelena-akcija.hr\/?page_id=71"},"modified":"2025-03-27T13:45:06","modified_gmt":"2025-03-27T11:45:06","slug":"o-festivalu","status":"publish","type":"page","link":"https:\/\/okolisnifestival.zelena-akcija.hr\/en\/o-festivalu\/","title":{"rendered":"About the festival"},"content":{"rendered":"<div data-elementor-type=\"wp-post\" data-elementor-id=\"71\" class=\"elementor elementor-71\">\n\t\t\t\t\t\t<section class=\"elementor-section elementor-top-section elementor-element elementor-element-a63c05c elementor-section-boxed elementor-section-height-default elementor-section-height-default\" data-id=\"a63c05c\" data-element_type=\"section\" data-e-type=\"section\">\n\t\t\t\t\t\t<div class=\"elementor-container elementor-column-gap-default\">\n\t\t\t\t\t<div class=\"elementor-column elementor-col-100 elementor-top-column elementor-element elementor-element-dae44ed\" data-id=\"dae44ed\" data-element_type=\"column\" data-e-type=\"column\">\n\t\t\t<div class=\"elementor-widget-wrap elementor-element-populated\">\n\t\t\t\t\t\t<div class=\"elementor-element elementor-element-4dd1e77 elementor-widget elementor-widget-heading\" data-id=\"4dd1e77\" data-element_type=\"widget\" data-e-type=\"widget\" data-widget_type=\"heading.default\">\n\t\t\t\t<div class=\"elementor-widget-container\">\n\t\t\t\t\t<h2 class=\"elementor-heading-title elementor-size-default\">Environmental film festival<\/h2>\t\t\t\t<\/div>\n\t\t\t\t<\/div>\n\t\t\t\t<div class=\"elementor-element elementor-element-79c9beb elementor-widget elementor-widget-text-editor\" data-id=\"79c9beb\" data-element_type=\"widget\" data-e-type=\"widget\" data-widget_type=\"text-editor.default\">\n\t\t\t\t<div class=\"elementor-widget-container\">\n\t\t\t\t\t\t\t\t\t<p style=\"text-align: left;\">E?! Okoli\u0161ni filmski festival (The Environmental Film Festival) was first conceived in 2014 by the Activist Group of Zelena akcija, Friends of the Earth Croatia. The aim was to bring the environmental topics closer to the new and wider public through documentary and feature films, as well as other content.<\/p><p style=\"text-align: left;\">From the villages on another side of the world and small actions that result in big changes, to international contracts behind closed doors, we care about it all! We believe that environmental justice consists of ecological, social and economic justice, and that we cannot observe them individually if we want to achieve the systematic change that we advocate.<\/p><p style=\"text-align: left;\">Nastojimo prikazati filmove i organizirati tribine, radionice i sadr\u017eaj koji informira, ali i inspirira, upravo kako bismo potaknuli na kriti\u010dko promi\u0161ljanje, promjenu, povezivanje i\u00a0 akciju. Festival pa\u017eljivo i volonterski organizira Aktivisti\u010dka grupa te je bez obzira na resurse kojima raspola\u017eemo, ulaz na sav sadr\u017eaj festivala uvijek besplatan. Primarni cilj uvijek je \u0161irenje svijesti i mobilizacija, a ne stvaranje profita, stoga dobrodo\u0161le_i!<\/p><p style=\"text-align: left;\"><\/p>\t\t\t\t\t\t\t\t<\/div>\n\t\t\t\t<\/div>\n\t\t\t\t<div class=\"elementor-element elementor-element-29d05ab elementor-widget elementor-widget-image-gallery\" data-id=\"29d05ab\" data-element_type=\"widget\" data-e-type=\"widget\" data-widget_type=\"image-gallery.default\">\n\t\t\t\t<div class=\"elementor-widget-container\">\n\t\t\t\t\t\t\t<div class=\"elementor-image-gallery\">\n\t\t\t\n\t\t<style type=\"text\/css\">\n\t\t\t#gallery-1 {\n\t\t\t\tmargin: auto;\n\t\t\t}\n\t\t\t#gallery-1 .gallery-item {\n\t\t\t\tfloat: left;\n\t\t\t\tmargin-top: 10px;\n\t\t\t\ttext-align: center;\n\t\t\t\twidth: 33%;\n\t\t\t}\n\t\t\t#gallery-1 img {\n\t\t\t\tborder: 2px solid #cfcfcf;\n\t\t\t}\n\t\t\t#gallery-1 .gallery-caption {\n\t\t\t\tmargin-left: 0;\n\t\t\t}\n\t\t\t\/* see gallery_shortcode() in wp-includes\/media.php *\/\n\t\t<\/style>\n\t\t<div data-carousel-extra='{\"blog_id\":1,\"permalink\":\"https:\\\/\\\/okolisnifestival.zelena-akcija.hr\\\/en\\\/o-festivalu\\\/\"}' id='gallery-1' class='gallery galleryid-71 gallery-columns-3 gallery-size-hestia-blog'><dl class='gallery-item'>\n\t\t\t<dt class='gallery-icon landscape'>\n\t\t\t\t<a data-elementor-open-lightbox=\"yes\" data-elementor-lightbox-slideshow=\"29d05ab\" data-elementor-lightbox-title=\"26878427226_53da769b97_o\" data-e-action-hash=\"#elementor-action%3Aaction%3Dlightbox%26settings%3DeyJpZCI6MzA4LCJ1cmwiOiJodHRwczpcL1wvb2tvbGlzbmlmZXN0aXZhbC56ZWxlbmEtYWtjaWphLmhyXC93cC1jb250ZW50XC91cGxvYWRzXC8yMDE5XC8wM1wvMjY4Nzg0MjcyMjZfNTNkYTc2OWI5N19vLmpwZyIsInNsaWRlc2hvdyI6IjI5ZDA1YWIifQ%3D%3D\" href='https:\/\/okolisnifestival.zelena-akcija.hr\/wp-content\/uploads\/2019\/03\/26878427226_53da769b97_o.jpg'><img fetchpriority=\"high\" decoding=\"async\" width=\"360\" height=\"240\" src=\"https:\/\/okolisnifestival.zelena-akcija.hr\/wp-content\/uploads\/2019\/03\/26878427226_53da769b97_o-360x240.jpg\" class=\"attachment-hestia-blog size-hestia-blog\" alt=\"\" srcset=\"https:\/\/okolisnifestival.zelena-akcija.hr\/wp-content\/uploads\/2019\/03\/26878427226_53da769b97_o-360x240.jpg 360w, https:\/\/okolisnifestival.zelena-akcija.hr\/wp-content\/uploads\/2019\/03\/26878427226_53da769b97_o-300x200.jpg 300w, https:\/\/okolisnifestival.zelena-akcija.hr\/wp-content\/uploads\/2019\/03\/26878427226_53da769b97_o-768x512.jpg 768w, https:\/\/okolisnifestival.zelena-akcija.hr\/wp-content\/uploads\/2019\/03\/26878427226_53da769b97_o-1024x683.jpg 1024w\" sizes=\"(max-width: 360px) 100vw, 360px\" data-attachment-id=\"308\" data-permalink=\"https:\/\/okolisnifestival.zelena-akcija.hr\/en\/26878427226_53da769b97_o\/\" data-orig-file=\"https:\/\/okolisnifestival.zelena-akcija.hr\/wp-content\/uploads\/2019\/03\/26878427226_53da769b97_o.jpg\" data-orig-size=\"2592,1728\" data-comments-opened=\"1\" data-image-meta=\"{&quot;aperture&quot;:&quot;6.3&quot;,&quot;credit&quot;:&quot;&quot;,&quot;camera&quot;:&quot;Canon EOS 650D&quot;,&quot;caption&quot;:&quot;&quot;,&quot;created_timestamp&quot;:&quot;1462566218&quot;,&quot;copyright&quot;:&quot;&quot;,&quot;focal_length&quot;:&quot;23&quot;,&quot;iso&quot;:&quot;3200&quot;,&quot;shutter_speed&quot;:&quot;0.066666666666667&quot;,&quot;title&quot;:&quot;&quot;,&quot;orientation&quot;:&quot;1&quot;}\" data-image-title=\"26878427226_53da769b97_o\" data-image-description=\"\" data-image-caption=\"\" data-medium-file=\"https:\/\/okolisnifestival.zelena-akcija.hr\/wp-content\/uploads\/2019\/03\/26878427226_53da769b97_o-300x200.jpg\" data-large-file=\"https:\/\/okolisnifestival.zelena-akcija.hr\/wp-content\/uploads\/2019\/03\/26878427226_53da769b97_o-1024x683.jpg\" \/><\/a>\n\t\t\t<\/dt><\/dl><dl class='gallery-item'>\n\t\t\t<dt class='gallery-icon landscape'>\n\t\t\t\t<a data-elementor-open-lightbox=\"yes\" data-elementor-lightbox-slideshow=\"29d05ab\" data-elementor-lightbox-title=\"26844192781_8bfebbc8f6_o\" data-e-action-hash=\"#elementor-action%3Aaction%3Dlightbox%26settings%3DeyJpZCI6MzA3LCJ1cmwiOiJodHRwczpcL1wvb2tvbGlzbmlmZXN0aXZhbC56ZWxlbmEtYWtjaWphLmhyXC93cC1jb250ZW50XC91cGxvYWRzXC8yMDE5XC8wM1wvMjY4NDQxOTI3ODFfOGJmZWJiYzhmNl9vLmpwZyIsInNsaWRlc2hvdyI6IjI5ZDA1YWIifQ%3D%3D\" href='https:\/\/okolisnifestival.zelena-akcija.hr\/wp-content\/uploads\/2019\/03\/26844192781_8bfebbc8f6_o.jpg'><img decoding=\"async\" width=\"360\" height=\"240\" src=\"https:\/\/okolisnifestival.zelena-akcija.hr\/wp-content\/uploads\/2019\/03\/26844192781_8bfebbc8f6_o-360x240.jpg\" class=\"attachment-hestia-blog size-hestia-blog\" alt=\"\" srcset=\"https:\/\/okolisnifestival.zelena-akcija.hr\/wp-content\/uploads\/2019\/03\/26844192781_8bfebbc8f6_o-360x240.jpg 360w, https:\/\/okolisnifestival.zelena-akcija.hr\/wp-content\/uploads\/2019\/03\/26844192781_8bfebbc8f6_o-300x200.jpg 300w, https:\/\/okolisnifestival.zelena-akcija.hr\/wp-content\/uploads\/2019\/03\/26844192781_8bfebbc8f6_o-768x512.jpg 768w, https:\/\/okolisnifestival.zelena-akcija.hr\/wp-content\/uploads\/2019\/03\/26844192781_8bfebbc8f6_o-1024x683.jpg 1024w\" sizes=\"(max-width: 360px) 100vw, 360px\" data-attachment-id=\"307\" data-permalink=\"https:\/\/okolisnifestival.zelena-akcija.hr\/en\/26844192781_8bfebbc8f6_o\/\" data-orig-file=\"https:\/\/okolisnifestival.zelena-akcija.hr\/wp-content\/uploads\/2019\/03\/26844192781_8bfebbc8f6_o.jpg\" data-orig-size=\"2592,1728\" data-comments-opened=\"1\" data-image-meta=\"{&quot;aperture&quot;:&quot;3.5&quot;,&quot;credit&quot;:&quot;&quot;,&quot;camera&quot;:&quot;Canon EOS 650D&quot;,&quot;caption&quot;:&quot;&quot;,&quot;created_timestamp&quot;:&quot;1462554564&quot;,&quot;copyright&quot;:&quot;&quot;,&quot;focal_length&quot;:&quot;18&quot;,&quot;iso&quot;:&quot;6400&quot;,&quot;shutter_speed&quot;:&quot;0.066666666666667&quot;,&quot;title&quot;:&quot;&quot;,&quot;orientation&quot;:&quot;1&quot;}\" data-image-title=\"26844192781_8bfebbc8f6_o\" data-image-description=\"\" data-image-caption=\"\" data-medium-file=\"https:\/\/okolisnifestival.zelena-akcija.hr\/wp-content\/uploads\/2019\/03\/26844192781_8bfebbc8f6_o-300x200.jpg\" data-large-file=\"https:\/\/okolisnifestival.zelena-akcija.hr\/wp-content\/uploads\/2019\/03\/26844192781_8bfebbc8f6_o-1024x683.jpg\" \/><\/a>\n\t\t\t<\/dt><\/dl><dl class='gallery-item'>\n\t\t\t<dt class='gallery-icon landscape'>\n\t\t\t\t<a data-elementor-open-lightbox=\"yes\" data-elementor-lightbox-slideshow=\"29d05ab\" data-elementor-lightbox-title=\"delase\" data-e-action-hash=\"#elementor-action%3Aaction%3Dlightbox%26settings%3DeyJpZCI6MzEyLCJ1cmwiOiJodHRwczpcL1wvb2tvbGlzbmlmZXN0aXZhbC56ZWxlbmEtYWtjaWphLmhyXC93cC1jb250ZW50XC91cGxvYWRzXC8yMDE5XC8wM1wvZGVsYXNlLmpwZyIsInNsaWRlc2hvdyI6IjI5ZDA1YWIifQ%3D%3D\" href='https:\/\/okolisnifestival.zelena-akcija.hr\/wp-content\/uploads\/2019\/03\/delase.jpg'><img decoding=\"async\" width=\"360\" height=\"240\" src=\"https:\/\/okolisnifestival.zelena-akcija.hr\/wp-content\/uploads\/2019\/03\/delase-360x240.jpg\" class=\"attachment-hestia-blog size-hestia-blog\" alt=\"\" srcset=\"https:\/\/okolisnifestival.zelena-akcija.hr\/wp-content\/uploads\/2019\/03\/delase-360x240.jpg 360w, https:\/\/okolisnifestival.zelena-akcija.hr\/wp-content\/uploads\/2019\/03\/delase-300x200.jpg 300w, https:\/\/okolisnifestival.zelena-akcija.hr\/wp-content\/uploads\/2019\/03\/delase-768x512.jpg 768w, https:\/\/okolisnifestival.zelena-akcija.hr\/wp-content\/uploads\/2019\/03\/delase-1024x683.jpg 1024w, https:\/\/okolisnifestival.zelena-akcija.hr\/wp-content\/uploads\/2019\/03\/delase.jpg 1296w\" sizes=\"(max-width: 360px) 100vw, 360px\" data-attachment-id=\"312\" data-permalink=\"https:\/\/okolisnifestival.zelena-akcija.hr\/en\/delase\/\" data-orig-file=\"https:\/\/okolisnifestival.zelena-akcija.hr\/wp-content\/uploads\/2019\/03\/delase.jpg\" data-orig-size=\"1296,864\" data-comments-opened=\"1\" data-image-meta=\"{&quot;aperture&quot;:&quot;8&quot;,&quot;credit&quot;:&quot;&quot;,&quot;camera&quot;:&quot;Canon EOS 650D&quot;,&quot;caption&quot;:&quot;&quot;,&quot;created_timestamp&quot;:&quot;1462709151&quot;,&quot;copyright&quot;:&quot;&quot;,&quot;focal_length&quot;:&quot;48&quot;,&quot;iso&quot;:&quot;100&quot;,&quot;shutter_speed&quot;:&quot;0.00625&quot;,&quot;title&quot;:&quot;&quot;,&quot;orientation&quot;:&quot;0&quot;}\" data-image-title=\"delase\" data-image-description=\"\" data-image-caption=\"\" data-medium-file=\"https:\/\/okolisnifestival.zelena-akcija.hr\/wp-content\/uploads\/2019\/03\/delase-300x200.jpg\" data-large-file=\"https:\/\/okolisnifestival.zelena-akcija.hr\/wp-content\/uploads\/2019\/03\/delase-1024x683.jpg\" \/><\/a>\n\t\t\t<\/dt><\/dl><br style=\"clear: both\" \/><dl class='gallery-item'>\n\t\t\t<dt class='gallery-icon landscape'>\n\t\t\t\t<a data-elementor-open-lightbox=\"yes\" data-elementor-lightbox-slideshow=\"29d05ab\" data-elementor-lightbox-title=\"34074126031_83dfd3b76b_o\" data-e-action-hash=\"#elementor-action%3Aaction%3Dlightbox%26settings%3DeyJpZCI6MzEwLCJ1cmwiOiJodHRwczpcL1wvb2tvbGlzbmlmZXN0aXZhbC56ZWxlbmEtYWtjaWphLmhyXC93cC1jb250ZW50XC91cGxvYWRzXC8yMDE5XC8wM1wvMzQwNzQxMjYwMzFfODNkZmQzYjc2Yl9vLmpwZyIsInNsaWRlc2hvdyI6IjI5ZDA1YWIifQ%3D%3D\" href='https:\/\/okolisnifestival.zelena-akcija.hr\/wp-content\/uploads\/2019\/03\/34074126031_83dfd3b76b_o.jpg'><img loading=\"lazy\" decoding=\"async\" width=\"360\" height=\"240\" src=\"https:\/\/okolisnifestival.zelena-akcija.hr\/wp-content\/uploads\/2019\/03\/34074126031_83dfd3b76b_o-360x240.jpg\" class=\"attachment-hestia-blog size-hestia-blog\" alt=\"\" srcset=\"https:\/\/okolisnifestival.zelena-akcija.hr\/wp-content\/uploads\/2019\/03\/34074126031_83dfd3b76b_o-360x240.jpg 360w, https:\/\/okolisnifestival.zelena-akcija.hr\/wp-content\/uploads\/2019\/03\/34074126031_83dfd3b76b_o-300x200.jpg 300w, https:\/\/okolisnifestival.zelena-akcija.hr\/wp-content\/uploads\/2019\/03\/34074126031_83dfd3b76b_o-768x512.jpg 768w, https:\/\/okolisnifestival.zelena-akcija.hr\/wp-content\/uploads\/2019\/03\/34074126031_83dfd3b76b_o-1024x683.jpg 1024w\" sizes=\"(max-width: 360px) 100vw, 360px\" data-attachment-id=\"310\" data-permalink=\"https:\/\/okolisnifestival.zelena-akcija.hr\/en\/34074126031_83dfd3b76b_o\/\" data-orig-file=\"https:\/\/okolisnifestival.zelena-akcija.hr\/wp-content\/uploads\/2019\/03\/34074126031_83dfd3b76b_o.jpg\" data-orig-size=\"5472,3648\" data-comments-opened=\"1\" data-image-meta=\"{&quot;aperture&quot;:&quot;1.8&quot;,&quot;credit&quot;:&quot;&quot;,&quot;camera&quot;:&quot;Canon PowerShot G7 X Mark II&quot;,&quot;caption&quot;:&quot;&quot;,&quot;created_timestamp&quot;:&quot;1492883601&quot;,&quot;copyright&quot;:&quot;&quot;,&quot;focal_length&quot;:&quot;8.8&quot;,&quot;iso&quot;:&quot;800&quot;,&quot;shutter_speed&quot;:&quot;0.008&quot;,&quot;title&quot;:&quot;&quot;,&quot;orientation&quot;:&quot;1&quot;}\" data-image-title=\"34074126031_83dfd3b76b_o\" data-image-description=\"\" data-image-caption=\"\" data-medium-file=\"https:\/\/okolisnifestival.zelena-akcija.hr\/wp-content\/uploads\/2019\/03\/34074126031_83dfd3b76b_o-300x200.jpg\" data-large-file=\"https:\/\/okolisnifestival.zelena-akcija.hr\/wp-content\/uploads\/2019\/03\/34074126031_83dfd3b76b_o-1024x683.jpg\" \/><\/a>\n\t\t\t<\/dt><\/dl><dl class='gallery-item'>\n\t\t\t<dt class='gallery-icon landscape'>\n\t\t\t\t<a data-elementor-open-lightbox=\"yes\" data-elementor-lightbox-slideshow=\"29d05ab\" data-elementor-lightbox-title=\"47949910232_10988d1ce5_o\" data-e-action-hash=\"#elementor-action%3Aaction%3Dlightbox%26settings%3DeyJpZCI6NjI2LCJ1cmwiOiJodHRwczpcL1wvb2tvbGlzbmlmZXN0aXZhbC56ZWxlbmEtYWtjaWphLmhyXC93cC1jb250ZW50XC91cGxvYWRzXC8yMDE5XC8wN1wvNDc5NDk5MTAyMzJfMTA5ODhkMWNlNV9vLmpwZyIsInNsaWRlc2hvdyI6IjI5ZDA1YWIifQ%3D%3D\" href='https:\/\/okolisnifestival.zelena-akcija.hr\/wp-content\/uploads\/2019\/07\/47949910232_10988d1ce5_o.jpg'><img loading=\"lazy\" decoding=\"async\" width=\"360\" height=\"240\" src=\"https:\/\/okolisnifestival.zelena-akcija.hr\/wp-content\/uploads\/2019\/07\/47949910232_10988d1ce5_o-360x240.jpg\" class=\"attachment-hestia-blog size-hestia-blog\" alt=\"\" data-attachment-id=\"626\" data-permalink=\"https:\/\/okolisnifestival.zelena-akcija.hr\/en\/47949910232_10988d1ce5_o\/\" data-orig-file=\"https:\/\/okolisnifestival.zelena-akcija.hr\/wp-content\/uploads\/2019\/07\/47949910232_10988d1ce5_o.jpg\" data-orig-size=\"6000,3368\" data-comments-opened=\"0\" data-image-meta=\"{&quot;aperture&quot;:&quot;8&quot;,&quot;credit&quot;:&quot;&quot;,&quot;camera&quot;:&quot;Canon EOS 750D&quot;,&quot;caption&quot;:&quot;&quot;,&quot;created_timestamp&quot;:&quot;1558904863&quot;,&quot;copyright&quot;:&quot;&quot;,&quot;focal_length&quot;:&quot;50&quot;,&quot;iso&quot;:&quot;3200&quot;,&quot;shutter_speed&quot;:&quot;0.04&quot;,&quot;title&quot;:&quot;&quot;,&quot;orientation&quot;:&quot;1&quot;}\" data-image-title=\"47949910232_10988d1ce5_o\" data-image-description=\"\" data-image-caption=\"\" data-medium-file=\"https:\/\/okolisnifestival.zelena-akcija.hr\/wp-content\/uploads\/2019\/07\/47949910232_10988d1ce5_o-300x168.jpg\" data-large-file=\"https:\/\/okolisnifestival.zelena-akcija.hr\/wp-content\/uploads\/2019\/07\/47949910232_10988d1ce5_o-1024x575.jpg\" \/><\/a>\n\t\t\t<\/dt><\/dl><dl class='gallery-item'>\n\t\t\t<dt class='gallery-icon landscape'>\n\t\t\t\t<a data-elementor-open-lightbox=\"yes\" data-elementor-lightbox-slideshow=\"29d05ab\" data-elementor-lightbox-title=\"47934584172_e370555ab2_o\" data-e-action-hash=\"#elementor-action%3Aaction%3Dlightbox%26settings%3DeyJpZCI6NjI3LCJ1cmwiOiJodHRwczpcL1wvb2tvbGlzbmlmZXN0aXZhbC56ZWxlbmEtYWtjaWphLmhyXC93cC1jb250ZW50XC91cGxvYWRzXC8yMDE5XC8wN1wvNDc5MzQ1ODQxNzJfZTM3MDU1NWFiMl9vLTEuanBnIiwic2xpZGVzaG93IjoiMjlkMDVhYiJ9\" href='https:\/\/okolisnifestival.zelena-akcija.hr\/wp-content\/uploads\/2019\/07\/47934584172_e370555ab2_o-1.jpg'><img loading=\"lazy\" decoding=\"async\" width=\"360\" height=\"240\" src=\"https:\/\/okolisnifestival.zelena-akcija.hr\/wp-content\/uploads\/2019\/07\/47934584172_e370555ab2_o-1-360x240.jpg\" class=\"attachment-hestia-blog size-hestia-blog\" alt=\"\" data-attachment-id=\"627\" data-permalink=\"https:\/\/okolisnifestival.zelena-akcija.hr\/en\/47934584172_e370555ab2_o-2\/\" data-orig-file=\"https:\/\/okolisnifestival.zelena-akcija.hr\/wp-content\/uploads\/2019\/07\/47934584172_e370555ab2_o-1.jpg\" data-orig-size=\"6000,3368\" data-comments-opened=\"0\" data-image-meta=\"{&quot;aperture&quot;:&quot;3.5&quot;,&quot;credit&quot;:&quot;&quot;,&quot;camera&quot;:&quot;Canon EOS 750D&quot;,&quot;caption&quot;:&quot;&quot;,&quot;created_timestamp&quot;:&quot;1558784773&quot;,&quot;copyright&quot;:&quot;&quot;,&quot;focal_length&quot;:&quot;50&quot;,&quot;iso&quot;:&quot;100&quot;,&quot;shutter_speed&quot;:&quot;0.00625&quot;,&quot;title&quot;:&quot;&quot;,&quot;orientation&quot;:&quot;1&quot;}\" data-image-title=\"47934584172_e370555ab2_o\" data-image-description=\"\" data-image-caption=\"\" data-medium-file=\"https:\/\/okolisnifestival.zelena-akcija.hr\/wp-content\/uploads\/2019\/07\/47934584172_e370555ab2_o-1-300x168.jpg\" data-large-file=\"https:\/\/okolisnifestival.zelena-akcija.hr\/wp-content\/uploads\/2019\/07\/47934584172_e370555ab2_o-1-1024x575.jpg\" \/><\/a>\n\t\t\t<\/dt><\/dl><br style=\"clear: both\" \/><dl class='gallery-item'>\n\t\t\t<dt class='gallery-icon landscape'>\n\t\t\t\t<a data-elementor-open-lightbox=\"yes\" data-elementor-lightbox-slideshow=\"29d05ab\" data-elementor-lightbox-title=\"47934783993_b5a4ba7df4_o\" data-e-action-hash=\"#elementor-action%3Aaction%3Dlightbox%26settings%3DeyJpZCI6NjI1LCJ1cmwiOiJodHRwczpcL1wvb2tvbGlzbmlmZXN0aXZhbC56ZWxlbmEtYWtjaWphLmhyXC93cC1jb250ZW50XC91cGxvYWRzXC8yMDE5XC8wN1wvNDc5MzQ3ODM5OTNfYjVhNGJhN2RmNF9vLmpwZyIsInNsaWRlc2hvdyI6IjI5ZDA1YWIifQ%3D%3D\" href='https:\/\/okolisnifestival.zelena-akcija.hr\/wp-content\/uploads\/2019\/07\/47934783993_b5a4ba7df4_o.jpg'><img loading=\"lazy\" decoding=\"async\" width=\"360\" height=\"240\" src=\"https:\/\/okolisnifestival.zelena-akcija.hr\/wp-content\/uploads\/2019\/07\/47934783993_b5a4ba7df4_o-360x240.jpg\" class=\"attachment-hestia-blog size-hestia-blog\" alt=\"\" data-attachment-id=\"625\" data-permalink=\"https:\/\/okolisnifestival.zelena-akcija.hr\/en\/47934783993_b5a4ba7df4_o\/\" data-orig-file=\"https:\/\/okolisnifestival.zelena-akcija.hr\/wp-content\/uploads\/2019\/07\/47934783993_b5a4ba7df4_o.jpg\" data-orig-size=\"6000,3368\" data-comments-opened=\"0\" data-image-meta=\"{&quot;aperture&quot;:&quot;2.2&quot;,&quot;credit&quot;:&quot;&quot;,&quot;camera&quot;:&quot;Canon EOS 750D&quot;,&quot;caption&quot;:&quot;&quot;,&quot;created_timestamp&quot;:&quot;1558799317&quot;,&quot;copyright&quot;:&quot;&quot;,&quot;focal_length&quot;:&quot;50&quot;,&quot;iso&quot;:&quot;100&quot;,&quot;shutter_speed&quot;:&quot;0.01&quot;,&quot;title&quot;:&quot;&quot;,&quot;orientation&quot;:&quot;1&quot;}\" data-image-title=\"47934783993_b5a4ba7df4_o\" data-image-description=\"\" data-image-caption=\"\" data-medium-file=\"https:\/\/okolisnifestival.zelena-akcija.hr\/wp-content\/uploads\/2019\/07\/47934783993_b5a4ba7df4_o-300x168.jpg\" data-large-file=\"https:\/\/okolisnifestival.zelena-akcija.hr\/wp-content\/uploads\/2019\/07\/47934783993_b5a4ba7df4_o-1024x575.jpg\" \/><\/a>\n\t\t\t<\/dt><\/dl><dl class='gallery-item'>\n\t\t\t<dt class='gallery-icon landscape'>\n\t\t\t\t<a data-elementor-open-lightbox=\"yes\" data-elementor-lightbox-slideshow=\"29d05ab\" data-elementor-lightbox-title=\"40093485910_be0d0d9888_o\" data-e-action-hash=\"#elementor-action%3Aaction%3Dlightbox%26settings%3DeyJpZCI6MzExLCJ1cmwiOiJodHRwczpcL1wvb2tvbGlzbmlmZXN0aXZhbC56ZWxlbmEtYWtjaWphLmhyXC93cC1jb250ZW50XC91cGxvYWRzXC8yMDE5XC8wM1wvNDAwOTM0ODU5MTBfYmUwZDBkOTg4OF9vLmpwZyIsInNsaWRlc2hvdyI6IjI5ZDA1YWIifQ%3D%3D\" href='https:\/\/okolisnifestival.zelena-akcija.hr\/wp-content\/uploads\/2019\/03\/40093485910_be0d0d9888_o.jpg'><img loading=\"lazy\" decoding=\"async\" width=\"360\" height=\"240\" src=\"https:\/\/okolisnifestival.zelena-akcija.hr\/wp-content\/uploads\/2019\/03\/40093485910_be0d0d9888_o-360x240.jpg\" class=\"attachment-hestia-blog size-hestia-blog\" alt=\"\" data-attachment-id=\"311\" data-permalink=\"https:\/\/okolisnifestival.zelena-akcija.hr\/en\/40093485910_be0d0d9888_o\/\" data-orig-file=\"https:\/\/okolisnifestival.zelena-akcija.hr\/wp-content\/uploads\/2019\/03\/40093485910_be0d0d9888_o.jpg\" data-orig-size=\"5472,3072\" data-comments-opened=\"1\" data-image-meta=\"{&quot;aperture&quot;:&quot;5.6&quot;,&quot;credit&quot;:&quot;&quot;,&quot;camera&quot;:&quot;Canon PowerShot G7 X Mark II&quot;,&quot;caption&quot;:&quot;&quot;,&quot;created_timestamp&quot;:&quot;1525458105&quot;,&quot;copyright&quot;:&quot;&quot;,&quot;focal_length&quot;:&quot;10.578&quot;,&quot;iso&quot;:&quot;125&quot;,&quot;shutter_speed&quot;:&quot;0.01&quot;,&quot;title&quot;:&quot;&quot;,&quot;orientation&quot;:&quot;1&quot;}\" data-image-title=\"40093485910_be0d0d9888_o\" data-image-description=\"\" data-image-caption=\"\" data-medium-file=\"https:\/\/okolisnifestival.zelena-akcija.hr\/wp-content\/uploads\/2019\/03\/40093485910_be0d0d9888_o-300x168.jpg\" data-large-file=\"https:\/\/okolisnifestival.zelena-akcija.hr\/wp-content\/uploads\/2019\/03\/40093485910_be0d0d9888_o-1024x575.jpg\" \/><\/a>\n\t\t\t<\/dt><\/dl><dl class='gallery-item'>\n\t\t\t<dt class='gallery-icon landscape'>\n\t\t\t\t<a data-elementor-open-lightbox=\"yes\" data-elementor-lightbox-slideshow=\"29d05ab\" data-elementor-lightbox-title=\"4ipo\" data-e-action-hash=\"#elementor-action%3Aaction%3Dlightbox%26settings%3DeyJpZCI6MzA2LCJ1cmwiOiJodHRwczpcL1wvb2tvbGlzbmlmZXN0aXZhbC56ZWxlbmEtYWtjaWphLmhyXC93cC1jb250ZW50XC91cGxvYWRzXC8yMDE5XC8wM1wvNGlwby0xLmpwZyIsInNsaWRlc2hvdyI6IjI5ZDA1YWIifQ%3D%3D\" href='https:\/\/okolisnifestival.zelena-akcija.hr\/wp-content\/uploads\/2019\/03\/4ipo-1.jpg'><img loading=\"lazy\" decoding=\"async\" width=\"360\" height=\"240\" src=\"https:\/\/okolisnifestival.zelena-akcija.hr\/wp-content\/uploads\/2019\/03\/4ipo-1-360x240.jpg\" class=\"attachment-hestia-blog size-hestia-blog\" alt=\"\" data-attachment-id=\"306\" data-permalink=\"https:\/\/okolisnifestival.zelena-akcija.hr\/en\/4ipo-2\/\" data-orig-file=\"https:\/\/okolisnifestival.zelena-akcija.hr\/wp-content\/uploads\/2019\/03\/4ipo-1.jpg\" data-orig-size=\"5125,2877\" data-comments-opened=\"1\" data-image-meta=\"{&quot;aperture&quot;:&quot;4.5&quot;,&quot;credit&quot;:&quot;&quot;,&quot;camera&quot;:&quot;Canon PowerShot G7 X Mark II&quot;,&quot;caption&quot;:&quot;&quot;,&quot;created_timestamp&quot;:&quot;1525628043&quot;,&quot;copyright&quot;:&quot;&quot;,&quot;focal_length&quot;:&quot;9.499&quot;,&quot;iso&quot;:&quot;125&quot;,&quot;shutter_speed&quot;:&quot;0.016666666666667&quot;,&quot;title&quot;:&quot;&quot;,&quot;orientation&quot;:&quot;1&quot;}\" data-image-title=\"4ipo\" data-image-description=\"\" data-image-caption=\"\" data-medium-file=\"https:\/\/okolisnifestival.zelena-akcija.hr\/wp-content\/uploads\/2019\/03\/4ipo-1-300x168.jpg\" data-large-file=\"https:\/\/okolisnifestival.zelena-akcija.hr\/wp-content\/uploads\/2019\/03\/4ipo-1-1024x575.jpg\" \/><\/a>\n\t\t\t<\/dt><\/dl><br style=\"clear: both\" \/>\n\t\t<\/div>\n\t\t<\/div>\n\t\t\t\t\t\t<\/div>\n\t\t\t\t<\/div>\n\t\t\t\t\t<\/div>\n\t\t<\/div>\n\t\t\t\t\t<\/div>\n\t\t<\/section>\n\t\t\t\t<\/div>","protected":false},"excerpt":{"rendered":"<p>Okoli\u0161ni filmski festival Okoli\u0161ni filmski festival (OFF) kao ideja rodio se 2014. godine u Aktivisti\u010dkoj grupi Zelene akcije, s ciljem da se putem dokumentarnih i igranih filmova, kao i popratnog sadr\u017eaja, okoli\u0161ne teme pribli\u017ee novoj, \u0161iroj publici. Od sela na drugom kraju svijeta, malih akcija koje rezultiraju velikom promjenom, do [&hellip;]<\/p>\n","protected":false},"author":1,"featured_media":0,"parent":0,"menu_order":0,"comment_status":"closed","ping_status":"closed","template":"page-templates\/template-pagebuilder-full-width.php","meta":{"jetpack_post_was_ever_published":false,"footnotes":""},"class_list":["post-71","page","type-page","status-publish","hentry"],"yoast_head":"<!-- This site is optimized with the Yoast SEO plugin v24.8 - https:\/\/yoast.com\/wordpress\/plugins\/seo\/ -->\n<title>O festivalu - Okoli&scaron;ni filmski festival<\/title>\n<meta name=\"robots\" content=\"index, follow, max-snippet:-1, max-image-preview:large, max-video-preview:-1\" \/>\n<link rel=\"canonical\" href=\"https:\/\/okolisnifestival.zelena-akcija.hr\/en\/o-festivalu\/\" \/>\n<meta property=\"og:locale\" content=\"en_GB\" \/>\n<meta property=\"og:type\" content=\"article\" \/>\n<meta property=\"og:title\" content=\"O festivalu - Okoli&scaron;ni filmski festival\" \/>\n<meta property=\"og:description\" content=\"Okoli\u0161ni filmski festival Okoli\u0161ni filmski festival (OFF) kao ideja rodio se 2014. godine u Aktivisti\u010dkoj grupi Zelene akcije, s ciljem da se putem dokumentarnih i igranih filmova, kao i popratnog sadr\u017eaja, okoli\u0161ne teme pribli\u017ee novoj, \u0161iroj publici. Od sela na drugom kraju svijeta, malih akcija koje rezultiraju velikom promjenom, do [&hellip;]\" \/>\n<meta property=\"og:url\" content=\"https:\/\/okolisnifestival.zelena-akcija.hr\/en\/o-festivalu\/\" \/>\n<meta property=\"og:site_name\" content=\"Okoli&scaron;ni filmski festival\" \/>\n<meta property=\"article:publisher\" content=\"https:\/\/www.facebook.com\/efest\/\" \/>\n<meta property=\"article:modified_time\" content=\"2025-03-27T11:45:06+00:00\" \/>\n<meta property=\"og:image\" content=\"https:\/\/okolisnifestival.zelena-akcija.hr\/wp-content\/uploads\/2019\/03\/26878427226_53da769b97_o-360x240.jpg\" \/>\n<meta name=\"twitter:card\" content=\"summary_large_image\" \/>\n<meta name=\"twitter:label1\" content=\"Estimated reading time\" \/>\n\t<meta name=\"twitter:data1\" content=\"3 minutes\" \/>\n<script type=\"application\/ld+json\" class=\"yoast-schema-graph\">{\"@context\":\"https:\/\/schema.org\",\"@graph\":[{\"@type\":\"WebPage\",\"@id\":\"https:\/\/okolisnifestival.zelena-akcija.hr\/o-festivalu\/\",\"url\":\"https:\/\/okolisnifestival.zelena-akcija.hr\/o-festivalu\/\",\"name\":\"O festivalu - Okoli&scaron;ni filmski festival\",\"isPartOf\":{\"@id\":\"https:\/\/okolisnifestival.zelena-akcija.hr\/en\/#website\"},\"primaryImageOfPage\":{\"@id\":\"https:\/\/okolisnifestival.zelena-akcija.hr\/o-festivalu\/#primaryimage\"},\"image\":{\"@id\":\"https:\/\/okolisnifestival.zelena-akcija.hr\/o-festivalu\/#primaryimage\"},\"thumbnailUrl\":\"https:\/\/okolisnifestival.zelena-akcija.hr\/wp-content\/uploads\/2019\/03\/26878427226_53da769b97_o-360x240.jpg\",\"datePublished\":\"2019-02-02T11:33:09+00:00\",\"dateModified\":\"2025-03-27T11:45:06+00:00\",\"breadcrumb\":{\"@id\":\"https:\/\/okolisnifestival.zelena-akcija.hr\/o-festivalu\/#breadcrumb\"},\"inLanguage\":\"en-GB\",\"potentialAction\":[{\"@type\":\"ReadAction\",\"target\":[\"https:\/\/okolisnifestival.zelena-akcija.hr\/o-festivalu\/\"]}]},{\"@type\":\"ImageObject\",\"inLanguage\":\"en-GB\",\"@id\":\"https:\/\/okolisnifestival.zelena-akcija.hr\/o-festivalu\/#primaryimage\",\"url\":\"https:\/\/okolisnifestival.zelena-akcija.hr\/wp-content\/uploads\/2019\/03\/26878427226_53da769b97_o-360x240.jpg\",\"contentUrl\":\"https:\/\/okolisnifestival.zelena-akcija.hr\/wp-content\/uploads\/2019\/03\/26878427226_53da769b97_o-360x240.jpg\"},{\"@type\":\"BreadcrumbList\",\"@id\":\"https:\/\/okolisnifestival.zelena-akcija.hr\/o-festivalu\/#breadcrumb\",\"itemListElement\":[{\"@type\":\"ListItem\",\"position\":1,\"name\":\"Home\",\"item\":\"https:\/\/okolisnifestival.zelena-akcija.hr\/\"},{\"@type\":\"ListItem\",\"position\":2,\"name\":\"O festivalu\"}]},{\"@type\":\"WebSite\",\"@id\":\"https:\/\/okolisnifestival.zelena-akcija.hr\/en\/#website\",\"url\":\"https:\/\/okolisnifestival.zelena-akcija.hr\/en\/\",\"name\":\"Okoli\u0161ni filmski festival\",\"description\":\"\",\"publisher\":{\"@id\":\"https:\/\/okolisnifestival.zelena-akcija.hr\/en\/#organization\"},\"potentialAction\":[{\"@type\":\"SearchAction\",\"target\":{\"@type\":\"EntryPoint\",\"urlTemplate\":\"https:\/\/okolisnifestival.zelena-akcija.hr\/en\/?s={search_term_string}\"},\"query-input\":{\"@type\":\"PropertyValueSpecification\",\"valueRequired\":true,\"valueName\":\"search_term_string\"}}],\"inLanguage\":\"en-GB\"},{\"@type\":\"Organization\",\"@id\":\"https:\/\/okolisnifestival.zelena-akcija.hr\/en\/#organization\",\"name\":\"Zelena akcija\",\"url\":\"https:\/\/okolisnifestival.zelena-akcija.hr\/en\/\",\"logo\":{\"@type\":\"ImageObject\",\"inLanguage\":\"en-GB\",\"@id\":\"https:\/\/okolisnifestival.zelena-akcija.hr\/en\/#\/schema\/logo\/image\/\",\"url\":\"https:\/\/i0.wp.com\/okolisnifestival.zelena-akcija.hr\/wp-content\/uploads\/2019\/03\/ZA-logo-rgb-white-veci.jpg?fit=2000%2C758&ssl=1\",\"contentUrl\":\"https:\/\/i0.wp.com\/okolisnifestival.zelena-akcija.hr\/wp-content\/uploads\/2019\/03\/ZA-logo-rgb-white-veci.jpg?fit=2000%2C758&ssl=1\",\"width\":2000,\"height\":758,\"caption\":\"Zelena akcija\"},\"image\":{\"@id\":\"https:\/\/okolisnifestival.zelena-akcija.hr\/en\/#\/schema\/logo\/image\/\"},\"sameAs\":[\"https:\/\/www.facebook.com\/efest\/\"]}]}<\/script>\n<!-- \/ Yoast SEO plugin. -->","yoast_head_json":{"title":"O festivalu - Okoli&scaron;ni filmski festival","robots":{"index":"index","follow":"follow","max-snippet":"max-snippet:-1","max-image-preview":"max-image-preview:large","max-video-preview":"max-video-preview:-1"},"canonical":"https:\/\/okolisnifestival.zelena-akcija.hr\/en\/o-festivalu\/","og_locale":"en_GB","og_type":"article","og_title":"O festivalu - Okoli&scaron;ni filmski festival","og_description":"Okoli\u0161ni filmski festival Okoli\u0161ni filmski festival (OFF) kao ideja rodio se 2014. godine u Aktivisti\u010dkoj grupi Zelene akcije, s ciljem da se putem dokumentarnih i igranih filmova, kao i popratnog sadr\u017eaja, okoli\u0161ne teme pribli\u017ee novoj, \u0161iroj publici. Od sela na drugom kraju svijeta, malih akcija koje rezultiraju velikom promjenom, do [&hellip;]","og_url":"https:\/\/okolisnifestival.zelena-akcija.hr\/en\/o-festivalu\/","og_site_name":"Okoli&scaron;ni filmski festival","article_publisher":"https:\/\/www.facebook.com\/efest\/","article_modified_time":"2025-03-27T11:45:06+00:00","og_image":[{"url":"https:\/\/okolisnifestival.zelena-akcija.hr\/wp-content\/uploads\/2019\/03\/26878427226_53da769b97_o-360x240.jpg","type":"","width":"","height":""}],"twitter_card":"summary_large_image","twitter_misc":{"Estimated reading time":"3 minutes"},"schema":{"@context":"https:\/\/schema.org","@graph":[{"@type":"WebPage","@id":"https:\/\/okolisnifestival.zelena-akcija.hr\/o-festivalu\/","url":"https:\/\/okolisnifestival.zelena-akcija.hr\/o-festivalu\/","name":"O festivalu - Okoli&scaron;ni filmski festival","isPartOf":{"@id":"https:\/\/okolisnifestival.zelena-akcija.hr\/en\/#website"},"primaryImageOfPage":{"@id":"https:\/\/okolisnifestival.zelena-akcija.hr\/o-festivalu\/#primaryimage"},"image":{"@id":"https:\/\/okolisnifestival.zelena-akcija.hr\/o-festivalu\/#primaryimage"},"thumbnailUrl":"https:\/\/okolisnifestival.zelena-akcija.hr\/wp-content\/uploads\/2019\/03\/26878427226_53da769b97_o-360x240.jpg","datePublished":"2019-02-02T11:33:09+00:00","dateModified":"2025-03-27T11:45:06+00:00","breadcrumb":{"@id":"https:\/\/okolisnifestival.zelena-akcija.hr\/o-festivalu\/#breadcrumb"},"inLanguage":"en-GB","potentialAction":[{"@type":"ReadAction","target":["https:\/\/okolisnifestival.zelena-akcija.hr\/o-festivalu\/"]}]},{"@type":"ImageObject","inLanguage":"en-GB","@id":"https:\/\/okolisnifestival.zelena-akcija.hr\/o-festivalu\/#primaryimage","url":"https:\/\/okolisnifestival.zelena-akcija.hr\/wp-content\/uploads\/2019\/03\/26878427226_53da769b97_o-360x240.jpg","contentUrl":"https:\/\/okolisnifestival.zelena-akcija.hr\/wp-content\/uploads\/2019\/03\/26878427226_53da769b97_o-360x240.jpg"},{"@type":"BreadcrumbList","@id":"https:\/\/okolisnifestival.zelena-akcija.hr\/o-festivalu\/#breadcrumb","itemListElement":[{"@type":"ListItem","position":1,"name":"Home","item":"https:\/\/okolisnifestival.zelena-akcija.hr\/"},{"@type":"ListItem","position":2,"name":"O festivalu"}]},{"@type":"WebSite","@id":"https:\/\/okolisnifestival.zelena-akcija.hr\/en\/#website","url":"https:\/\/okolisnifestival.zelena-akcija.hr\/en\/","name":"Environmental film festival","description":"","publisher":{"@id":"https:\/\/okolisnifestival.zelena-akcija.hr\/en\/#organization"},"potentialAction":[{"@type":"SearchAction","target":{"@type":"EntryPoint","urlTemplate":"https:\/\/okolisnifestival.zelena-akcija.hr\/en\/?s={search_term_string}"},"query-input":{"@type":"PropertyValueSpecification","valueRequired":true,"valueName":"search_term_string"}}],"inLanguage":"en-GB"},{"@type":"Organization","@id":"https:\/\/okolisnifestival.zelena-akcija.hr\/en\/#organization","name":"Zelena akcija","url":"https:\/\/okolisnifestival.zelena-akcija.hr\/en\/","logo":{"@type":"ImageObject","inLanguage":"en-GB","@id":"https:\/\/okolisnifestival.zelena-akcija.hr\/en\/#\/schema\/logo\/image\/","url":"https:\/\/i0.wp.com\/okolisnifestival.zelena-akcija.hr\/wp-content\/uploads\/2019\/03\/ZA-logo-rgb-white-veci.jpg?fit=2000%2C758&ssl=1","contentUrl":"https:\/\/i0.wp.com\/okolisnifestival.zelena-akcija.hr\/wp-content\/uploads\/2019\/03\/ZA-logo-rgb-white-veci.jpg?fit=2000%2C758&ssl=1","width":2000,"height":758,"caption":"Zelena akcija"},"image":{"@id":"https:\/\/okolisnifestival.zelena-akcija.hr\/en\/#\/schema\/logo\/image\/"},"sameAs":["https:\/\/www.facebook.com\/efest\/"]}]}},"jetpack_sharing_enabled":true,"jetpack_shortlink":"https:\/\/wp.me\/PaO4kI-19","jetpack-related-posts":[],"_links":{"self":[{"href":"https:\/\/okolisnifestival.zelena-akcija.hr\/en\/wp-json\/wp\/v2\/pages\/71","targetHints":{"allow":["GET"]}}],"collection":[{"href":"https:\/\/okolisnifestival.zelena-akcija.hr\/en\/wp-json\/wp\/v2\/pages"}],"about":[{"href":"https:\/\/okolisnifestival.zelena-akcija.hr\/en\/wp-json\/wp\/v2\/types\/page"}],"author":[{"embeddable":true,"href":"https:\/\/okolisnifestival.zelena-akcija.hr\/en\/wp-json\/wp\/v2\/users\/1"}],"replies":[{"embeddable":true,"href":"https:\/\/okolisnifestival.zelena-akcija.hr\/en\/wp-json\/wp\/v2\/comments?post=71"}],"version-history":[{"count":25,"href":"https:\/\/okolisnifestival.zelena-akcija.hr\/en\/wp-json\/wp\/v2\/pages\/71\/revisions"}],"predecessor-version":[{"id":1542,"href":"https:\/\/okolisnifestival.zelena-akcija.hr\/en\/wp-json\/wp\/v2\/pages\/71\/revisions\/1542"}],"wp:attachment":[{"href":"https:\/\/okolisnifestival.zelena-akcija.hr\/en\/wp-json\/wp\/v2\/media?parent=71"}],"curies":[{"name":"wp","href":"https:\/\/api.w.org\/{rel}","templated":true}]}}